{"id":12565,"date":"2024-02-28T11:42:03","date_gmt":"2024-02-28T16:42:03","guid":{"rendered":"https:\/\/www.colombianitos.org\/?page_id=12565"},"modified":"2026-01-27T19:32:09","modified_gmt":"2026-01-28T00:32:09","slug":"reconocimientos","status":"publish","type":"page","link":"https:\/\/www.colombianitos.org\/en\/reconocimientos\/","title":{"rendered":"Reconocimientos"},"content":{"rendered":"<body><p>[et_pb_section fb_built=\u201d1\u2033 custom_padding_last_edited=\u201don|phone\u201d admin_label=\u201dBanner Inicio\u201d _builder_version=\u201d4.20.4\u2033 _module_preset=\u201ddefault\u201d background_color=\u201d#D6D6D6\u2033 background_image=\u201dhttps:\/\/www.colombianitos.org\/wp-content\/uploads\/2024\/03\/nuevo-banner-recono.jpeg\u201d background_enable_video_mp4=\u201doff\u201d min_height=\u201d509.6px\u201d min_height_last_edited=\u201doff|desktop\u201d custom_padding=\u201d||109px|||\u201d custom_padding_tablet=\u201d\u201d custom_padding_phone=\u201d||0px||false|false\u201d background_last_edited=\u201don|phone\u201d background_image_phone=\u201dhttps:\/\/www.colombianitos.org\/wp-content\/uploads\/2024\/03\/nuevo-banner-recono-e1709831742817.jpeg\u201d background_enable_image_phone=\u201don\u201d da_disable_devices=\u201doff|off|off\u201d global_colors_info=\u201d{}\u201d da_is_popup=\u201doff\u201d da_exit_intent=\u201doff\u201d da_has_close=\u201don\u201d da_alt_close=\u201doff\u201d da_dark_close=\u201doff\u201d da_not_modal=\u201don\u201d da_is_singular=\u201doff\u201d da_with_loader=\u201doff\u201d da_has_shadow=\u201don\u201d][et_pb_row column_structure=\u201d3_4,1_4\u2033 custom_padding_last_edited=\u201don|phone\u201d _builder_version=\u201d4.16\u2033 _module_preset=\u201ddefault\u201d min_height=\u201d358.2px\u201d custom_padding=\u201d74px|||||\u201d custom_padding_tablet=\u201d\u201d custom_padding_phone=\u201d0px||||false|false\u201d global_colors_info=\u201d{}\u201d][et_pb_column type=\u201d3_4\u2033 _builder_version=\u201d4.16\u2033 _module_preset=\u201ddefault\u201d global_colors_info=\u201d{}\u201d][et_pb_text content_tablet=\u201d<\/p>\n<h1>RECONOCIMIENTOS<\/h1>\n<p>\u201d content_phone=\u201d<\/p>\n<h1>RECONOCIMIENTOS<\/h1>\n<p>\u201d content_last_edited=\u201don|phone\u201d admin_label=\u201dTexto Banner\u201d _builder_version=\u201d4.20.4\u2033 _module_preset=\u201ddefault\u201d text_font=\u201d|600|||||||\u201d header_font=\u201d|800|||||||\u201d header_text_color=\u201d#FFFFFF\u201d header_font_size=\u201d50px\u201d header_line_height=\u201d4.6em\u201d min_height_tablet=\u201d\u201d min_height_phone=\u201d\u201d min_height_last_edited=\u201don|phone\u201d animation_style=\u201dfade\u201d animation_delay=\u201d150ms\u201d animation_speed_curve=\u201dlinear\u201d header_font_tablet=\u201d|800|||||||\u201d header_font_phone=\u201d|800|||||||\u201d header_font_last_edited=\u201don|phone\u201d header_text_align_tablet=\u201d\u201d header_text_align_phone=\u201dleft\u201d header_text_align_last_edited=\u201don|desktop\u201d header_font_size_tablet=\u201d\u201d header_font_size_phone=\u201d27px\u201d header_font_size_last_edited=\u201don|phone\u201d header_letter_spacing_tablet=\u201d\u201d header_letter_spacing_phone=\u201d\u201d header_letter_spacing_last_edited=\u201don|phone\u201d header_line_height_tablet=\u201d4.6em\u201d header_line_height_phone=\u201d6.9em\u201d header_line_height_last_edited=\u201don|phone\u201d module_alignment_last_edited=\u201doff|phone\u201d global_colors_info=\u201d{}\u201d]<\/p>\n<h1>RECONOCIMIENTOS<\/h1>\n<p>[\/et_pb_text][\/et_pb_column][et_pb_column type=\u201d1_4\u2033 _builder_version=\u201d4.16\u2033 _module_preset=\u201ddefault\u201d global_colors_info=\u201d{}\u201d][\/et_pb_column][\/et_pb_row][\/et_pb_section][et_pb_section fb_built=\u201d1\u2033 _builder_version=\u201d4.20.4\u2033 _module_preset=\u201ddefault\u201d da_disable_devices=\u201doff|off|off\u201d global_colors_info=\u201d{}\u201d da_is_popup=\u201doff\u201d da_exit_intent=\u201doff\u201d da_has_close=\u201don\u201d da_alt_close=\u201doff\u201d da_dark_close=\u201doff\u201d da_not_modal=\u201don\u201d da_is_singular=\u201doff\u201d da_with_loader=\u201doff\u201d da_has_shadow=\u201don\u201d][et_pb_row column_structure=\u201d1_2,1_2\u2033 _builder_version=\u201d4.20.4\u2033 _module_preset=\u201ddefault\u201d global_colors_info=\u201d{}\u201d][et_pb_column type=\u201d1_2\u2033 _builder_version=\u201d4.20.4\u2033 _module_preset=\u201ddefault\u201d global_colors_info=\u201d{}\u201d][\/et_pb_column][et_pb_column type=\u201d1_2\u2033 _builder_version=\u201d4.20.4\u2033 _module_preset=\u201ddefault\u201d global_colors_info=\u201d{}\u201d][\/et_pb_column][\/et_pb_row][et_pb_row _builder_version=\u201d4.20.4\u2033 _module_preset=\u201ddefault\u201d global_colors_info=\u201d{}\u201d][et_pb_column type=\u201d4_4\u2033 _builder_version=\u201d4.20.4\u2033 _module_preset=\u201ddefault\u201d global_colors_info=\u201d{}\u201d][et_pb_text _builder_version=\u201d4.20.4\u2033 _module_preset=\u201ddefault\u201d text_font=\u201d||||||||\u201d header_font=\u201d|700|||||||\u201d header_font_size=\u201d35px\u201d text_orientation=\u201djustified\u201d animation_style=\u201dfade\u201d global_colors_info=\u201d{}\u201d]<\/p>\n<h1 style=\"text-align: center;\"><b>Diferentes entidades p\u00fablicas y privadas nacionales e internacionales reconocen nuestra labor y vocaci\u00f3n por generar estrategias que promueven la educaci\u00f3n y el cuidado de la ni\u00f1ez de Colombia.<\/b><\/h1>\n<p>\u00a0<\/p>\n<p>[\/et_pb_text][\/et_pb_column][\/et_pb_row][et_pb_row column_structure=\u201d1_2,1_2\u2033 _builder_version=\u201d4.20.4\u2033 _module_preset=\u201ddefault\u201d global_colors_info=\u201d{}\u201d][et_pb_column type=\u201d1_2\u2033 _builder_version=\u201d4.20.4\u2033 _module_preset=\u201ddefault\u201d global_colors_info=\u201d{}\u201d][et_pb_image src=\u201dhttps:\/\/www.colombianitos.org\/wp-content\/uploads\/2021\/04\/puntos.png\u201d title_text=\u201dpuntos\u201d _builder_version=\u201d4.16\u2033 _module_preset=\u201ddefault\u201d width=\u201d50%\u201d global_colors_info=\u201d{}\u201d][\/et_pb_image][et_pb_text _builder_version=\u201d4.20.4\u2033 _module_preset=\u201ddefault\u201d header_font=\u201d|800|||||||\u201d header_text_color=\u201d#2b77c8\u2033 header_font_size=\u201d50px\u201d text_orientation=\u201dright\u201d global_colors_info=\u201d{}\u201d]<\/p>\n<h1 style=\"text-align: center;\">2023<\/h1>\n<p>[\/et_pb_text][et_pb_blurb title=\u201dOrden al m\u00e9rito Jos\u00e9 Acevedo y G\u00f3mez en el grado cruz de oro\u201d image_icon_width=\u201d100%\u201d icon_placement_tablet=\u201d\u201d icon_placement_phone=\u201dtop\u201d icon_placement_last_edited=\u201don|phone\u201d _builder_version=\u201d4.20.4\u2033 _module_preset=\u201ddefault\u201d header_level=\u201dh1\u2033 header_font=\u201d|700|||||||\u201d header_text_align=\u201dleft\u201d header_font_size=\u201d25px\u201d body_font=\u201d||||||||\u201d body_text_align=\u201dleft\u201d body_text_color=\u201d#0C71C3\u2033 body_font_size=\u201d15px\u201d body_line_height=\u201d1.5em\u201d image_icon_custom_padding_tablet=\u201d\u201d image_icon_custom_padding_phone=\u201d\u201d image_icon_custom_padding_last_edited=\u201don|phone\u201d module_alignment=\u201dcenter\u201d max_height=\u201d961px\u201d custom_padding=\u201d||5px|||\u201d animation_style=\u201dfade\u201d border_radii_image=\u201don|300px|300px|300px|300px\u201d border_width_all_image_tablet=\u201d\u201d border_width_all_image_phone=\u201d\u201d border_width_all_image_last_edited=\u201don|phone\u201d box_shadow_style_image=\u201dpreset1\u2033 image_max_width=\u201d200px\u201d global_colors_info=\u201d{}\u201d][\/et_pb_blurb][et_pb_blurb image=\u201dhttps:\/\/www.colombianitos.org\/wp-content\/uploads\/2024\/02\/2023-Orden-al-merito-Jose-Acevedo-y-Gomez-en-el-grado-cruz-de-oro-2-e1709930213882.jpg\u201d image_icon_width=\u201d100%\u201d icon_placement_tablet=\u201d\u201d icon_placement_phone=\u201dtop\u201d icon_placement_last_edited=\u201don|phone\u201d _builder_version=\u201d4.20.4\u2033 _module_preset=\u201ddefault\u201d header_level=\u201dh1\u2033 header_font=\u201d|700|||||||\u201d header_text_align=\u201dleft\u201d header_font_size=\u201d25px\u201d body_font=\u201d||||||||\u201d body_text_align=\u201dleft\u201d body_text_color=\u201d#0C71C3\u2033 body_font_size=\u201d15px\u201d body_line_height=\u201d1.5em\u201d image_icon_custom_padding_tablet=\u201d\u201d image_icon_custom_padding_phone=\u201d\u201d image_icon_custom_padding_last_edited=\u201don|phone\u201d module_alignment=\u201dcenter\u201d max_height=\u201d961px\u201d custom_padding=\u201d||5px|||\u201d animation_style=\u201dfade\u201d border_width_all_image_tablet=\u201d\u201d border_width_all_image_phone=\u201d\u201d border_width_all_image_last_edited=\u201don|phone\u201d box_shadow_style_image=\u201dpreset1\u2033 image_max_width=\u201d200px\u201d global_colors_info=\u201d{}\u201d][\/et_pb_blurb][\/et_pb_column][et_pb_column type=\u201d1_2\u2033 _builder_version=\u201d4.20.4\u2033 _module_preset=\u201ddefault\u201d global_colors_info=\u201d{}\u201d][et_pb_text content_tablet=\u201d<\/p>\n\n\n\n\n\n\n<p style=\"%22text-align:\" left;%22>El concejo de Bogot\u00e1 otorga a la Fundaci\u00f3n Colombianitos la orden al m\u00e9rito Jos\u00e9 Acevedo y G\u00f3mez en el grado cruz de oro. El m\u00e1ximo reconocimiento del Concejo por su labor durante m\u00e1s de 15 a\u00f1os a la ciudad.<\/p>\n<p>\u201d content_phone=\u201d<\/p>\n<p style=\"%22text-align:\" left;%22>El Concejo de Bogot\u00e1 otorga a la Fundaci\u00f3n Colombianitos la orden al m\u00e9rito Jos\u00e9 Acevedo y G\u00f3mez en el grado Cruz de Oro. Este es el m\u00e1ximo reconocimiento del Concejo por nuestra labor durante m\u00e1s de 15 a\u00f1os en la ciudad.<\/p>\n<p>\u201d content_last_edited=\u201don|desktop\u201d _builder_version=\u201d4.20.4\u2033 _module_preset=\u201ddefault\u201d text_font_size=\u201d16px\u201d text_line_height=\u201d1.6em\u201d animation_style=\u201dfade\u201d global_colors_info=\u201d{}\u201d]<\/p>\n<p>\u00a0<\/p>\n<p>\u00a0<\/p>\n<p>\u00a0<\/p>\n<p>\u00a0<\/p>\n<p>\u00a0<\/p>\n<p>\u00a0<\/p>\n<p>\u00a0<\/p>\n<p>\u00a0<\/p>\n<p>\u00a0<\/p>\n<p>\u00a0<\/p>\n<p style=\"text-align: left;\">El Concejo de Bogot\u00e1 otorga a la Fundaci\u00f3n Colombianitos la orden al m\u00e9rito Jos\u00e9 Acevedo y G\u00f3mez en el grado Cruz de Oro. Este es el m\u00e1ximo reconocimiento del Concejo por nuestra labor durante m\u00e1s de 15 a\u00f1os en la ciudad.<\/p>\n<p>[\/et_pb_text][\/et_pb_column][\/et_pb_row][et_pb_row column_structure=\u201d1_2,1_2\u2033 _builder_version=\u201d4.20.4\u2033 _module_preset=\u201ddefault\u201d global_colors_info=\u201d{}\u201d][et_pb_column type=\u201d1_2\u2033 _builder_version=\u201d4.20.4\u2033 _module_preset=\u201ddefault\u201d global_colors_info=\u201d{}\u201d][et_pb_blurb title=\u201dMedalla al M\u00e9rito Princesa Usaca\u201d image_icon_width=\u201d100%\u201d icon_placement_tablet=\u201d\u201d icon_placement_phone=\u201dtop\u201d icon_placement_last_edited=\u201don|desktop\u201d _builder_version=\u201d4.20.4\u2033 _module_preset=\u201ddefault\u201d header_level=\u201dh1\u2033 header_font=\u201d|700|||||||\u201d header_text_align=\u201dleft\u201d header_font_size=\u201d25px\u201d body_font=\u201d||||||||\u201d body_text_align=\u201dleft\u201d body_text_color=\u201d#0C71C3\u2033 body_font_size=\u201d15px\u201d body_line_height=\u201d1.5em\u201d image_icon_custom_padding_tablet=\u201d\u201d image_icon_custom_padding_phone=\u201d\u201d image_icon_custom_padding_last_edited=\u201don|phone\u201d module_alignment=\u201dcenter\u201d max_height=\u201d961px\u201d custom_padding=\u201d||5px|||\u201d animation_style=\u201dfade\u201d border_radii_image=\u201don|300px|300px|300px|300px\u201d border_width_all_image_tablet=\u201d\u201d border_width_all_image_phone=\u201d\u201d border_width_all_image_last_edited=\u201don|phone\u201d box_shadow_style_image=\u201dpreset1\u2033 image_max_width=\u201d200px\u201d global_colors_info=\u201d{}\u201d][\/et_pb_blurb][et_pb_blurb image=\u201dhttps:\/\/www.colombianitos.org\/wp-content\/uploads\/2024\/03\/2023-medalla-al-merito-princesa-usaca.jpg\u201d image_icon_width=\u201d100%\u201d icon_placement_tablet=\u201d\u201d icon_placement_phone=\u201dtop\u201d icon_placement_last_edited=\u201don|desktop\u201d _builder_version=\u201d4.20.4\u2033 _module_preset=\u201ddefault\u201d header_level=\u201dh1\u2033 header_font=\u201d|700|||||||\u201d header_text_align=\u201dleft\u201d header_font_size=\u201d25px\u201d body_font=\u201d||||||||\u201d body_text_align=\u201dleft\u201d body_text_color=\u201d#0C71C3\u2033 body_font_size=\u201d15px\u201d body_line_height=\u201d1.5em\u201d image_icon_custom_padding_tablet=\u201d\u201d image_icon_custom_padding_phone=\u201d\u201d image_icon_custom_padding_last_edited=\u201don|phone\u201d module_alignment=\u201dcenter\u201d max_height=\u201d961px\u201d custom_padding=\u201d||5px|||\u201d animation_style=\u201dfade\u201d border_width_all_image_tablet=\u201d\u201d border_width_all_image_phone=\u201d\u201d border_width_all_image_last_edited=\u201don|phone\u201d box_shadow_style_image=\u201dpreset1\u2033 image_max_width=\u201d200px\u201d global_colors_info=\u201d{}\u201d][\/et_pb_blurb][\/et_pb_column][et_pb_column type=\u201d1_2\u2033 _builder_version=\u201d4.20.4\u2033 _module_preset=\u201ddefault\u201d global_colors_info=\u201d{}\u201d][et_pb_text content_tablet=\u201d<\/p>\n\n\n<p style=\"%22text-align:\" left;%22>La Fundaci\u00f3n Colombianitos recibe la Medalla al M\u00e9rito Princesa Usaca por la Alcald\u00eda de Usaqu\u00e9n, por nuestro impacto innovador en el territorio.<\/p>\n<p>\u201d content_phone=\u201d<\/p>\n<p style=\"%22text-align:\" left;%22>La Fundaci\u00f3n Colombianitos recibe la Medalla al M\u00e9rito Princesa Usaca por la Alcald\u00eda de Usaqu\u00e9n, por nuestro impacto innovador en el territorio.<\/p>\n<p>\u201d content_last_edited=\u201don|phone\u201d _builder_version=\u201d4.20.4\u2033 _module_preset=\u201ddefault\u201d text_font_size=\u201d16px\u201d header_font_size=\u201d50px\u201d header_line_height=\u201d3em\u201d animation_style=\u201dfade\u201d global_colors_info=\u201d{}\u201d]<\/p>\n<p>\u00a0<\/p>\n<p>\u00a0<\/p>\n<p>\u00a0<\/p>\n<p>\u00a0<\/p>\n<p>\u00a0<\/p>\n<p style=\"text-align: left;\">La Fundaci\u00f3n Colombianitos recibe la Medalla al M\u00e9rito Princesa Usaca por la Alcald\u00eda de Usaqu\u00e9n, por nuestro impacto innovador en el territorio.<\/p>\n<p>[\/et_pb_text][\/et_pb_column][\/et_pb_row][et_pb_row column_structure=\u201d1_2,1_2\u2033 _builder_version=\u201d4.20.4\u2033 _module_preset=\u201ddefault\u201d global_colors_info=\u201d{}\u201d][et_pb_column type=\u201d1_2\u2033 _builder_version=\u201d4.20.4\u2033 _module_preset=\u201ddefault\u201d global_colors_info=\u201d{}\u201d][et_pb_image src=\u201dhttps:\/\/www.colombianitos.org\/wp-content\/uploads\/2021\/04\/puntos.png\u201d title_text=\u201dpuntos\u201d _builder_version=\u201d4.16\u2033 _module_preset=\u201ddefault\u201d width=\u201d50%\u201d global_colors_info=\u201d{}\u201d][\/et_pb_image][et_pb_text _builder_version=\u201d4.20.4\u2033 _module_preset=\u201ddefault\u201d header_font=\u201d|800|||||||\u201d header_text_color=\u201d#2b77c8\u2033 header_font_size=\u201d50px\u201d text_orientation=\u201dright\u201d global_colors_info=\u201d{}\u201d]<\/p>\n<h1 style=\"text-align: center;\">2022<\/h1>\n<p>[\/et_pb_text][et_pb_blurb title=\u201dPremio ANASE\u201d image_icon_width=\u201d100%\u201d icon_placement_tablet=\u201d\u201d icon_placement_phone=\u201dtop\u201d icon_placement_last_edited=\u201don|phone\u201d _builder_version=\u201d4.20.4\u2033 _module_preset=\u201ddefault\u201d header_level=\u201dh1\u2033 header_font=\u201d|700|||||||\u201d header_text_align=\u201dcenter\u201d header_font_size=\u201d25px\u201d body_font=\u201d||||||||\u201d body_text_align=\u201dleft\u201d body_text_color=\u201d#0C71C3\u2033 body_font_size=\u201d15px\u201d body_line_height=\u201d1.5em\u201d image_icon_custom_padding_tablet=\u201d\u201d image_icon_custom_padding_phone=\u201d\u201d image_icon_custom_padding_last_edited=\u201don|phone\u201d text_orientation=\u201dcenter\u201d module_alignment=\u201dcenter\u201d max_height=\u201d961px\u201d custom_padding=\u201d||5px|||\u201d animation_style=\u201dfade\u201d border_radii_image=\u201don|300px|300px|300px|300px\u201d border_width_all_image_tablet=\u201d\u201d border_width_all_image_phone=\u201d\u201d border_width_all_image_last_edited=\u201don|phone\u201d box_shadow_style_image=\u201dpreset1\u2033 image_max_width=\u201d200px\u201d global_colors_info=\u201d{}\u201d][\/et_pb_blurb][et_pb_blurb image=\u201dhttps:\/\/www.colombianitos.org\/wp-content\/uploads\/2024\/03\/2022-Premio-ANASE.jpg\u201d image_icon_width=\u201d100%\u201d icon_placement_tablet=\u201d\u201d icon_placement_phone=\u201dtop\u201d icon_placement_last_edited=\u201don|phone\u201d _builder_version=\u201d4.20.4\u2033 _module_preset=\u201ddefault\u201d header_level=\u201dh1\u2033 header_font=\u201d|700|||||||\u201d header_text_align=\u201dcenter\u201d header_font_size=\u201d25px\u201d body_font=\u201d||||||||\u201d body_text_align=\u201dleft\u201d body_text_color=\u201d#0C71C3\u2033 body_font_size=\u201d15px\u201d body_line_height=\u201d1.5em\u201d image_icon_custom_padding_tablet=\u201d\u201d image_icon_custom_padding_phone=\u201d\u201d image_icon_custom_padding_last_edited=\u201don|phone\u201d text_orientation=\u201dcenter\u201d module_alignment=\u201dcenter\u201d max_height=\u201d961px\u201d custom_padding=\u201d||5px|||\u201d animation_style=\u201dfade\u201d border_width_all_image_tablet=\u201d\u201d border_width_all_image_phone=\u201d\u201d border_width_all_image_last_edited=\u201don|phone\u201d box_shadow_style_image=\u201dpreset1\u2033 image_max_width=\u201d200px\u201d global_colors_info=\u201d{}\u201d][\/et_pb_blurb][\/et_pb_column][et_pb_column type=\u201d1_2\u2033 _builder_version=\u201d4.20.4\u2033 _module_preset=\u201ddefault\u201d global_colors_info=\u201d{}\u201d][et_pb_text content_tablet=\u201d<\/p>\n\n\n\n\n\n\n<p>El Ej\u00e9rcito Nacional de Colombia otorga a la Fundaci\u00f3n Colombianitos el premio ANASE por el apoyo en la labor social en territorio Colombiano.<\/p>\n<p>\u201d content_phone=\u201d<\/p>\n<p>El Ej\u00e9rcito Nacional de Colombia otorga a la Fundaci\u00f3n Colombianitos el premio ANASE por el apoyo en la labor social en territorio Colombiano.<\/p>\n<p>\u201d content_last_edited=\u201don|phone\u201d _builder_version=\u201d4.20.4\u2033 _module_preset=\u201ddefault\u201d text_font_size=\u201d16px\u201d text_line_height=\u201d1.6em\u201d animation_style=\u201dfade\u201d global_colors_info=\u201d{}\u201d]<\/p>\n<p>\u00a0<\/p>\n<p>\u00a0<\/p>\n<p>\u00a0<\/p>\n<p>\u00a0<\/p>\n<p>\u00a0<\/p>\n<p>\u00a0<\/p>\n<p>\u00a0<\/p>\n<p>\u00a0<\/p>\n<p>\u00a0<\/p>\n<p>\u00a0<\/p>\n<p>El Ej\u00e9rcito Nacional de Colombia otorga a la Fundaci\u00f3n Colombianitos el premio ANASE por el apoyo en la labor social en territorio Colombiano.<\/p>\n<p>[\/et_pb_text][\/et_pb_column][\/et_pb_row][et_pb_row column_structure=\u201d1_2,1_2\u2033 _builder_version=\u201d4.20.4\u2033 _module_preset=\u201ddefault\u201d global_colors_info=\u201d{}\u201d][et_pb_column type=\u201d1_2\u2033 _builder_version=\u201d4.20.4\u2033 _module_preset=\u201ddefault\u201d global_colors_info=\u201d{}\u201d][et_pb_blurb title=\u201dReconocimiento de la alcald\u00eda de Puerto Tejada y la Secretaria de Educaci\u00f3n\u201d image_icon_width=\u201d100%\u201d icon_placement_tablet=\u201d\u201d icon_placement_phone=\u201dtop\u201d icon_placement_last_edited=\u201don|phone\u201d _builder_version=\u201d4.20.4\u2033 _module_preset=\u201ddefault\u201d header_level=\u201dh1\u2033 header_font=\u201d|700|||||||\u201d header_text_align=\u201dcenter\u201d header_font_size=\u201d25px\u201d body_font=\u201d||||||||\u201d body_text_align=\u201dleft\u201d body_text_color=\u201d#0C71C3\u2033 body_font_size=\u201d15px\u201d body_line_height=\u201d1.5em\u201d image_icon_custom_padding_tablet=\u201d\u201d image_icon_custom_padding_phone=\u201d\u201d image_icon_custom_padding_last_edited=\u201don|phone\u201d text_orientation=\u201dcenter\u201d module_alignment=\u201dcenter\u201d max_height=\u201d961px\u201d custom_padding=\u201d||5px|||\u201d animation_style=\u201dfade\u201d border_radii_image=\u201don|300px|300px|300px|300px\u201d border_width_all_image_tablet=\u201d\u201d border_width_all_image_phone=\u201d\u201d border_width_all_image_last_edited=\u201don|phone\u201d box_shadow_style_image=\u201dpreset1\u2033 image_max_width=\u201d200px\u201d global_colors_info=\u201d{}\u201d][\/et_pb_blurb][et_pb_blurb image=\u201dhttps:\/\/www.colombianitos.org\/wp-content\/uploads\/2024\/03\/2022-reconocimiento-de-la-alcaldia-de-puerto-tejada-y-la-SED.jpg\u201d image_icon_width=\u201d100%\u201d icon_placement_tablet=\u201d\u201d icon_placement_phone=\u201dtop\u201d icon_placement_last_edited=\u201don|phone\u201d _builder_version=\u201d4.20.4\u2033 _module_preset=\u201ddefault\u201d header_level=\u201dh1\u2033 header_font=\u201d|700|||||||\u201d header_text_align=\u201dcenter\u201d header_font_size=\u201d25px\u201d body_font=\u201d||||||||\u201d body_text_align=\u201dleft\u201d body_text_color=\u201d#0C71C3\u2033 body_font_size=\u201d15px\u201d body_line_height=\u201d1.5em\u201d image_icon_custom_padding_tablet=\u201d\u201d image_icon_custom_padding_phone=\u201d\u201d image_icon_custom_padding_last_edited=\u201don|phone\u201d text_orientation=\u201dcenter\u201d module_alignment=\u201dcenter\u201d max_height=\u201d961px\u201d custom_padding=\u201d||5px|||\u201d animation_style=\u201dfade\u201d border_width_all_image_tablet=\u201d\u201d border_width_all_image_phone=\u201d\u201d border_width_all_image_last_edited=\u201don|phone\u201d box_shadow_style_image=\u201dpreset1\u2033 image_max_width=\u201d200px\u201d global_colors_info=\u201d{}\u201d][\/et_pb_blurb][\/et_pb_column][et_pb_column type=\u201d1_2\u2033 _builder_version=\u201d4.20.4\u2033 _module_preset=\u201ddefault\u201d global_colors_info=\u201d{}\u201d][et_pb_text content_tablet=\u201d<\/p>\n\n\n\n\n\n\n<p>La Fundaci\u00f3n Colombianitos es reconocida, por la alcald\u00eda de Puerto Tejada \u2013 Cauca y la Secretaria de Educaci\u00f3n, por su labor en el campo educativo y por su permanencia en el municipio.<\/p>\n<p>\u201d content_phone=\u201d<\/p>\n<p>La Fundaci\u00f3n Colombianitos es reconocida, por la alcald\u00eda de Puerto Tejada \u2013 Cauca y la Secretaria de Educaci\u00f3n, por su labor en el campo educativo y por su permanencia en el municipio.<\/p>\n<p>\u201d content_last_edited=\u201don|phone\u201d _builder_version=\u201d4.20.4\u2033 _module_preset=\u201ddefault\u201d text_font_size=\u201d16px\u201d text_line_height=\u201d1.6em\u201d animation_style=\u201dfade\u201d global_colors_info=\u201d{}\u201d]<\/p>\n<p>\u00a0<\/p>\n<p>\u00a0<\/p>\n<p>\u00a0<\/p>\n<p>\u00a0<\/p>\n<p>\u00a0<\/p>\n<p>La Fundaci\u00f3n Colombianitos es reconocida, por la alcald\u00eda de Puerto Tejada \u2013 Cauca y la Secretaria de Educaci\u00f3n, por su labor en el campo educativo y por su permanencia en el municipio durante a\u00f1os.<\/p>\n<p>[\/et_pb_text][\/et_pb_column][\/et_pb_row][et_pb_row column_structure=\u201d1_2,1_2\u2033 _builder_version=\u201d4.20.4\u2033 _module_preset=\u201ddefault\u201d global_colors_info=\u201d{}\u201d][et_pb_column type=\u201d1_2\u2033 _builder_version=\u201d4.20.4\u2033 _module_preset=\u201ddefault\u201d global_colors_info=\u201d{}\u201d][et_pb_image src=\u201dhttps:\/\/www.colombianitos.org\/wp-content\/uploads\/2021\/04\/puntos.png\u201d title_text=\u201dpuntos\u201d _builder_version=\u201d4.16\u2033 _module_preset=\u201ddefault\u201d width=\u201d50%\u201d global_colors_info=\u201d{}\u201d][\/et_pb_image][et_pb_text _builder_version=\u201d4.20.4\u2033 _module_preset=\u201ddefault\u201d header_font=\u201d|800|||||||\u201d header_text_color=\u201d#2b77c8\u2033 header_font_size=\u201d50px\u201d text_orientation=\u201dright\u201d global_colors_info=\u201d{}\u201d]<\/p>\n<h1 style=\"text-align: center;\">2021<\/h1>\n<p>[\/et_pb_text][et_pb_blurb title=\u201dPremio She is Global Forum\u201d image_icon_width=\u201d100%\u201d icon_placement_tablet=\u201d\u201d icon_placement_phone=\u201dtop\u201d icon_placement_last_edited=\u201don|phone\u201d _builder_version=\u201d4.20.4\u2033 _module_preset=\u201ddefault\u201d header_level=\u201dh1\u2033 header_font=\u201d|700|||||||\u201d header_text_align=\u201dcenter\u201d header_font_size=\u201d25px\u201d body_font=\u201d||||||||\u201d body_text_align=\u201dleft\u201d body_text_color=\u201d#0C71C3\u2033 body_font_size=\u201d15px\u201d body_line_height=\u201d1.5em\u201d image_icon_custom_padding_tablet=\u201d\u201d image_icon_custom_padding_phone=\u201d\u201d image_icon_custom_padding_last_edited=\u201don|phone\u201d text_orientation=\u201dcenter\u201d module_alignment=\u201dcenter\u201d max_height=\u201d961px\u201d custom_padding=\u201d||5px|||\u201d animation_style=\u201dfade\u201d border_radii_image=\u201don|300px|300px|300px|300px\u201d border_width_all_image_tablet=\u201d\u201d border_width_all_image_phone=\u201d\u201d border_width_all_image_last_edited=\u201don|phone\u201d box_shadow_style_image=\u201dpreset1\u2033 image_max_width=\u201d200px\u201d global_colors_info=\u201d{}\u201d][\/et_pb_blurb][et_pb_blurb image=\u201dhttps:\/\/www.colombianitos.org\/wp-content\/uploads\/2024\/03\/2021-premio-she-is-global-forum-20212.jpg\u201d image_icon_width=\u201d100%\u201d icon_placement_tablet=\u201d\u201d icon_placement_phone=\u201dtop\u201d icon_placement_last_edited=\u201don|phone\u201d _builder_version=\u201d4.20.4\u2033 _module_preset=\u201ddefault\u201d header_level=\u201dh1\u2033 header_font=\u201d|700|||||||\u201d header_text_align=\u201dcenter\u201d header_font_size=\u201d25px\u201d body_font=\u201d||||||||\u201d body_text_align=\u201dleft\u201d body_text_color=\u201d#0C71C3\u2033 body_font_size=\u201d15px\u201d body_line_height=\u201d1.5em\u201d image_icon_custom_padding_tablet=\u201d\u201d image_icon_custom_padding_phone=\u201d\u201d image_icon_custom_padding_last_edited=\u201don|phone\u201d text_orientation=\u201dcenter\u201d module_alignment=\u201dcenter\u201d max_height=\u201d961px\u201d custom_padding=\u201d||5px|||\u201d animation_style=\u201dfade\u201d border_width_all_image_tablet=\u201d\u201d border_width_all_image_phone=\u201d\u201d border_width_all_image_last_edited=\u201don|phone\u201d box_shadow_style_image=\u201dpreset1\u2033 image_max_width=\u201d200px\u201d global_colors_info=\u201d{}\u201d][\/et_pb_blurb][\/et_pb_column][et_pb_column type=\u201d1_2\u2033 _builder_version=\u201d4.20.4\u2033 _module_preset=\u201ddefault\u201d global_colors_info=\u201d{}\u201d][et_pb_text content_tablet=\u201d<\/p>\n\n\n\n\n\n\n<p>La Fundaci\u00f3n Colombianitos recibi\u00f3 de SHE IS el reconocimiento como %22La organizaci\u00f3n con el poder del cambio%22 hacia la equidad de g\u00e9nero en la implementaci\u00f3n del curr\u00edculo %22Jugamos en la misma cancha%22.<\/p>\n<p>\u201d content_phone=\u201d<\/p>\n<p>La Fundaci\u00f3n Colombianitos recibi\u00f3 de SHE IS el reconocimiento como %22La organizaci\u00f3n con el poder del cambio%22 hacia la equidad de g\u00e9nero en la implementaci\u00f3n del curr\u00edculo %22Jugamos en la misma cancha%22. <a href=\"\/en\/%22https:\/\/she-is.org\/%22\/\"><em>https:\/\/she-is.org\/<\/em><\/a><\/p>\n<p>\u201d content_last_edited=\u201don|phone\u201d _builder_version=\u201d4.20.4\u2033 _module_preset=\u201ddefault\u201d text_font_size=\u201d16px\u201d text_line_height=\u201d1.6em\u201d animation_style=\u201dfade\u201d global_colors_info=\u201d{}\u201d]<\/p>\n<p>\u00a0<\/p>\n<p>\u00a0<\/p>\n<p>\u00a0<\/p>\n<p>\u00a0<\/p>\n<p>\u00a0<\/p>\n<p>\u00a0<\/p>\n<p>\u00a0<\/p>\n<p>\u00a0<\/p>\n<p>\u00a0<\/p>\n<p>La Fundaci\u00f3n Colombianitos recibi\u00f3 de SHE IS el reconocimiento como \u201cLa organizaci\u00f3n con el poder del cambio\u201d hacia la equidad de g\u00e9nero en la implementaci\u00f3n del curr\u00edculo \u201cJugamos en la misma cancha\u201d. <a href=\"https:\/\/she-is.org\/\"><em>https:\/\/she-is.org\/<\/em><\/a><\/p>\n<p>[\/et_pb_text][\/et_pb_column][\/et_pb_row][et_pb_row column_structure=\u201d1_2,1_2\u2033 _builder_version=\u201d4.20.4\u2033 _module_preset=\u201ddefault\u201d global_colors_info=\u201d{}\u201d][et_pb_column type=\u201d1_2\u2033 _builder_version=\u201d4.20.4\u2033 _module_preset=\u201ddefault\u201d global_colors_info=\u201d{}\u201d][et_pb_blurb title=\u201dNominaci\u00f3n a los premios LAUREUS SPORT FOR GOOD\u201d image_icon_width=\u201d100%\u201d icon_placement_tablet=\u201d\u201d icon_placement_phone=\u201dtop\u201d icon_placement_last_edited=\u201don|phone\u201d _builder_version=\u201d4.20.4\u2033 _module_preset=\u201ddefault\u201d header_level=\u201dh1\u2033 header_font=\u201d|700|||||||\u201d header_text_align=\u201dcenter\u201d header_font_size=\u201d25px\u201d body_font=\u201d||||||||\u201d body_text_align=\u201dleft\u201d body_text_color=\u201d#0C71C3\u2033 body_font_size=\u201d15px\u201d body_line_height=\u201d1.5em\u201d image_icon_custom_padding_tablet=\u201d\u201d image_icon_custom_padding_phone=\u201d\u201d image_icon_custom_padding_last_edited=\u201don|phone\u201d text_orientation=\u201dcenter\u201d module_alignment=\u201dcenter\u201d max_height=\u201d961px\u201d custom_padding=\u201d||5px|||\u201d animation_style=\u201dfade\u201d border_radii_image=\u201don|300px|300px|300px|300px\u201d border_width_all_image_tablet=\u201d\u201d border_width_all_image_phone=\u201d\u201d border_width_all_image_last_edited=\u201don|phone\u201d box_shadow_style_image=\u201dpreset1\u2033 image_max_width=\u201d200px\u201d global_colors_info=\u201d{}\u201d][\/et_pb_blurb][et_pb_blurb image=\u201dhttps:\/\/www.colombianitos.org\/wp-content\/uploads\/2024\/03\/2021-nominacion-al-los-premios-laureus-sport-for-good-2021.jpg\u201d image_icon_width=\u201d100%\u201d icon_placement_tablet=\u201d\u201d icon_placement_phone=\u201dtop\u201d icon_placement_last_edited=\u201don|phone\u201d _builder_version=\u201d4.20.4\u2033 _module_preset=\u201ddefault\u201d header_level=\u201dh1\u2033 header_font=\u201d|700|||||||\u201d header_text_align=\u201dcenter\u201d header_font_size=\u201d25px\u201d body_font=\u201d||||||||\u201d body_text_align=\u201dleft\u201d body_text_color=\u201d#0C71C3\u2033 body_font_size=\u201d15px\u201d body_line_height=\u201d1.5em\u201d image_icon_custom_padding_tablet=\u201d\u201d image_icon_custom_padding_phone=\u201d\u201d image_icon_custom_padding_last_edited=\u201don|phone\u201d text_orientation=\u201dcenter\u201d module_alignment=\u201dcenter\u201d max_height=\u201d961px\u201d custom_padding=\u201d||5px|||\u201d animation_style=\u201dfade\u201d border_width_all_image_tablet=\u201d\u201d border_width_all_image_phone=\u201d\u201d border_width_all_image_last_edited=\u201don|phone\u201d box_shadow_style_image=\u201dpreset1\u2033 image_max_width=\u201d200px\u201d global_colors_info=\u201d{}\u201d][\/et_pb_blurb][\/et_pb_column][et_pb_column type=\u201d1_2\u2033 _builder_version=\u201d4.20.4\u2033 _module_preset=\u201ddefault\u201d global_colors_info=\u201d{}\u201d][et_pb_text content_tablet=\u201d<\/p>\n\n\n\n\n\n\n<p>Entre 156 pa\u00edses la Fundaci\u00f3n Colombianitos fue nominada a los premios Laureus Sport For Good 2021, al mejor programa de deporte para el desarrollo, gracias al proyecto %22Jugamos en la misma cancha%22 sobre equidad de G\u00e9nero.<\/p>\n<p>\u201d content_phone=\u201d<\/p>\n<p>En la Ciudad de Londres, entre 156 pa\u00edses la Fundaci\u00f3n Colombianitos fue nominada a los premios Laureus Sport For Good 2021, al mejor programa de deporte para el desarrollo, gracias al proyecto \u201cJugamos en la misma cancha\u201d sobre equidad de G\u00e9nero. <a href=\"\/en\/%22https:\/\/www.laureus.com\/%22\/\"><em>https:\/\/www.laureus.com\/<\/em><\/a><\/p>\n<p>\u201d content_last_edited=\u201don|desktop\u201d _builder_version=\u201d4.20.4\u2033 _module_preset=\u201ddefault\u201d text_font_size=\u201d16px\u201d text_line_height=\u201d1.6em\u201d animation_style=\u201dfade\u201d global_colors_info=\u201d{}\u201d]<\/p>\n<p>\u00a0<\/p>\n<p>\u00a0<\/p>\n<p>\u00a0<\/p>\n<p>\u00a0<\/p>\n<p>En la Ciudad de Londres, entre 156 pa\u00edses la Fundaci\u00f3n Colombianitos fue nominada a los premios Laureus Sport For Good 2021, al mejor programa de deporte para el desarrollo, gracias al proyecto \u201cJugamos en la misma cancha\u201d sobre equidad de G\u00e9nero. <a href=\"https:\/\/www.laureus.com\/\"><em>https:\/\/www.laureus.com\/<\/em><\/a><\/p>\n<p>[\/et_pb_text][\/et_pb_column][\/et_pb_row][et_pb_row column_structure=\u201d1_2,1_2\u2033 _builder_version=\u201d4.20.4\u2033 _module_preset=\u201ddefault\u201d global_colors_info=\u201d{}\u201d][et_pb_column type=\u201d1_2\u2033 _builder_version=\u201d4.20.4\u2033 _module_preset=\u201ddefault\u201d global_colors_info=\u201d{}\u201d][et_pb_image src=\u201dhttps:\/\/www.colombianitos.org\/wp-content\/uploads\/2021\/04\/puntos.png\u201d title_text=\u201dpuntos\u201d _builder_version=\u201d4.16\u2033 _module_preset=\u201ddefault\u201d width=\u201d50%\u201d global_colors_info=\u201d{}\u201d][\/et_pb_image][et_pb_text _builder_version=\u201d4.20.4\u2033 _module_preset=\u201ddefault\u201d header_font=\u201d|800|||||||\u201d header_text_color=\u201d#2b77c8\u2033 header_font_size=\u201d50px\u201d text_orientation=\u201dright\u201d global_colors_info=\u201d{}\u201d]<\/p>\n<h1 style=\"text-align: center;\">2020<\/h1>\n<p>[\/et_pb_text][et_pb_blurb title=\u201dIWC Schaffhausen \u2013 Laureus Foundation\u201d image_icon_width=\u201d100%\u201d icon_placement_tablet=\u201d\u201d icon_placement_phone=\u201dtop\u201d icon_placement_last_edited=\u201don|phone\u201d _builder_version=\u201d4.20.4\u2033 _module_preset=\u201ddefault\u201d header_level=\u201dh1\u2033 header_font=\u201d|700|||||||\u201d header_text_align=\u201dcenter\u201d header_font_size=\u201d25px\u201d body_font=\u201d||||||||\u201d body_text_align=\u201dleft\u201d body_text_color=\u201d#0C71C3\u2033 body_font_size=\u201d15px\u201d body_line_height=\u201d1.5em\u201d image_icon_custom_padding_tablet=\u201d\u201d image_icon_custom_padding_phone=\u201d\u201d image_icon_custom_padding_last_edited=\u201don|phone\u201d text_orientation=\u201dcenter\u201d module_alignment=\u201dcenter\u201d max_height=\u201d961px\u201d custom_padding=\u201d||5px|||\u201d animation_style=\u201dfade\u201d border_radii_image=\u201don|300px|300px|300px|300px\u201d border_width_all_image_tablet=\u201d\u201d border_width_all_image_phone=\u201d\u201d border_width_all_image_last_edited=\u201don|phone\u201d box_shadow_style_image=\u201dpreset1\u2033 image_max_width=\u201d200px\u201d global_colors_info=\u201d{}\u201d][\/et_pb_blurb][et_pb_blurb image=\u201dhttps:\/\/www.colombianitos.org\/wp-content\/uploads\/2024\/03\/2020-iwc-laureus.jpg\u201d image_icon_width=\u201d100%\u201d icon_placement_tablet=\u201d\u201d icon_placement_phone=\u201dtop\u201d icon_placement_last_edited=\u201don|phone\u201d _builder_version=\u201d4.20.4\u2033 _module_preset=\u201ddefault\u201d header_level=\u201dh1\u2033 header_font=\u201d|700|||||||\u201d header_text_align=\u201dcenter\u201d header_font_size=\u201d25px\u201d body_font=\u201d||||||||\u201d body_text_align=\u201dleft\u201d body_text_color=\u201d#0C71C3\u2033 body_font_size=\u201d15px\u201d body_line_height=\u201d1.5em\u201d image_icon_custom_padding_tablet=\u201d\u201d image_icon_custom_padding_phone=\u201d\u201d image_icon_custom_padding_last_edited=\u201don|phone\u201d text_orientation=\u201dcenter\u201d module_alignment=\u201dcenter\u201d max_height=\u201d961px\u201d custom_padding=\u201d||5px|||\u201d animation_style=\u201dfade\u201d border_width_all_image_tablet=\u201d\u201d border_width_all_image_phone=\u201d\u201d border_width_all_image_last_edited=\u201don|phone\u201d box_shadow_style_image=\u201dpreset1\u2033 image_max_width=\u201d200px\u201d global_colors_info=\u201d{}\u201d][\/et_pb_blurb][\/et_pb_column][et_pb_column type=\u201d1_2\u2033 _builder_version=\u201d4.20.4\u2033 _module_preset=\u201ddefault\u201d global_colors_info=\u201d{}\u201d][et_pb_text content_tablet=\u201d<\/p>\n\n\n\n\n\n<p>Los Colombianitos beneficiarios del programa \u201cJugamos en la misma cancha\u201d participaron en el concurso de \u201cIWC dibujo\u201d presentando obras de arte que reflejan su interpretaci\u00f3n del tema \u201cTiempo bien compartido\u201d. La obra ganadora fue de la Colombianita de Puerto Tejada, Melisa Mej\u00eda y su dibujo quedo grabado en la edici\u00f3n especial de la reconocida marca de relojes de lujo IWC Schaffhausen.<\/p>\n<p>\u201d content_phone=\u201d<\/p>\n<p>Los Colombianitos beneficiarios del programa \u201cJugamos en la misma cancha\u201d participaron en el concurso de \u201cIWC dibujo\u201d presentando obras de arte que reflejan su interpretaci\u00f3n del tema \u201cTiempo bien compartido\u201d. La obra ganadora fue de la Colombianita de Puerto Tejada, Melisa Mej\u00eda y su dibujo qued\u00f3 grabado en la edici\u00f3n especial de la reconocida marca de relojes de lujo IWC Schaffhausen. <a href=\"\/en\/%22https:\/\/www.laureus.com\/%22\/\">https:\/\/www.laureus.com\/<\/a> <a href=\"\/en\/%22https:\/\/www.iwc.com\/fr\/fr\/home.html%22\/\">https:\/\/www.iwc.com\/fr\/fr\/home.html<\/a><\/p>\n<p>\u201d content_last_edited=\u201don|desktop\u201d _builder_version=\u201d4.20.4\u2033 _module_preset=\u201ddefault\u201d text_font_size=\u201d16px\u201d text_line_height=\u201d1.6em\u201d animation_style=\u201dfade\u201d global_colors_info=\u201d{}\u201d]<\/p>\n<p>\u00a0<\/p>\n<p>\u00a0<\/p>\n<p>\u00a0<\/p>\n<p>\u00a0<\/p>\n<p>\u00a0<\/p>\n<p>\u00a0<\/p>\n<p>\u00a0<\/p>\n<p>\u00a0<\/p>\n<p>\u00a0<\/p>\n<p>Los Colombianitos beneficiarios del programa \u201cJugamos en la misma cancha\u201d participaron en el concurso de \u201cIWC dibujo\u201d presentando obras de arte que reflejan su interpretaci\u00f3n del tema \u201cTiempo bien compartido\u201d. La obra ganadora fue de la Colombianita de Puerto Tejada, Melisa Mej\u00eda y su dibujo qued\u00f3 grabado en la edici\u00f3n especial de la reconocida marca de relojes de lujo IWC Schaffhausen. <a href=\"https:\/\/www.laureus.com\/\">https:\/\/www.laureus.com\/<\/a>\u00a0 <a href=\"https:\/\/www.iwc.com\/fr\/fr\/home.html\">https:\/\/www.iwc.com\/fr\/fr\/home.html<\/a><\/p>\n<p>[\/et_pb_text][\/et_pb_column][\/et_pb_row][et_pb_row column_structure=\u201d1_2,1_2\u2033 _builder_version=\u201d4.20.4\u2033 _module_preset=\u201ddefault\u201d global_colors_info=\u201d{}\u201d][et_pb_column type=\u201d1_2\u2033 _builder_version=\u201d4.20.4\u2033 _module_preset=\u201ddefault\u201d global_colors_info=\u201d{}\u201d][et_pb_image src=\u201dhttps:\/\/www.colombianitos.org\/wp-content\/uploads\/2021\/04\/puntos.png\u201d title_text=\u201dpuntos\u201d _builder_version=\u201d4.16\u2033 _module_preset=\u201ddefault\u201d width=\u201d50%\u201d global_colors_info=\u201d{}\u201d][\/et_pb_image][et_pb_text _builder_version=\u201d4.20.4\u2033 _module_preset=\u201ddefault\u201d header_font=\u201d|800|||||||\u201d header_text_color=\u201d#2b77c8\u2033 header_font_size=\u201d50px\u201d text_orientation=\u201dright\u201d global_colors_info=\u201d{}\u201d]<\/p>\n<h1 style=\"text-align: center;\">2018<\/h1>\n<p>[\/et_pb_text][et_pb_blurb title=\u201dReconocimiento de la Secretar\u00eda de Educaci\u00f3n y TICS\u201d image_icon_width=\u201d100%\u201d icon_placement_tablet=\u201d\u201d icon_placement_phone=\u201dtop\u201d icon_placement_last_edited=\u201don|phone\u201d _builder_version=\u201d4.20.4\u2033 _module_preset=\u201ddefault\u201d header_level=\u201dh1\u2033 header_font=\u201d|700|||||||\u201d header_text_align=\u201dcenter\u201d header_font_size=\u201d25px\u201d body_font=\u201d||||||||\u201d body_text_align=\u201dleft\u201d body_text_color=\u201d#0C71C3\u2033 body_font_size=\u201d15px\u201d body_line_height=\u201d1.5em\u201d image_icon_custom_padding_tablet=\u201d\u201d image_icon_custom_padding_phone=\u201d\u201d image_icon_custom_padding_last_edited=\u201don|phone\u201d text_orientation=\u201dcenter\u201d module_alignment=\u201dcenter\u201d max_height=\u201d961px\u201d custom_padding=\u201d||5px|||\u201d animation_style=\u201dfade\u201d border_radii_image=\u201don|300px|300px|300px|300px\u201d border_width_all_image_tablet=\u201d\u201d border_width_all_image_phone=\u201d\u201d border_width_all_image_last_edited=\u201don|phone\u201d box_shadow_style_image=\u201dpreset1\u2033 image_max_width=\u201d200px\u201d global_colors_info=\u201d{}\u201d][\/et_pb_blurb][et_pb_blurb image=\u201dhttps:\/\/www.colombianitos.org\/wp-content\/uploads\/2024\/03\/2018-reconocimiento-de-la-secretaria-de-educacion-y-tics.jpg\u201d image_icon_width=\u201d100%\u201d icon_placement_tablet=\u201d\u201d icon_placement_phone=\u201dtop\u201d icon_placement_last_edited=\u201don|phone\u201d _builder_version=\u201d4.20.4\u2033 _module_preset=\u201ddefault\u201d header_level=\u201dh1\u2033 header_font=\u201d|700|||||||\u201d header_text_align=\u201dcenter\u201d header_font_size=\u201d25px\u201d body_font=\u201d||||||||\u201d body_text_align=\u201dleft\u201d body_text_color=\u201d#0C71C3\u2033 body_font_size=\u201d15px\u201d body_line_height=\u201d1.5em\u201d image_icon_custom_padding_tablet=\u201d\u201d image_icon_custom_padding_phone=\u201d\u201d image_icon_custom_padding_last_edited=\u201don|phone\u201d text_orientation=\u201dcenter\u201d module_alignment=\u201dcenter\u201d max_height=\u201d961px\u201d custom_padding=\u201d||5px|||\u201d animation_style=\u201dfade\u201d border_width_all_image_tablet=\u201d\u201d border_width_all_image_phone=\u201d\u201d border_width_all_image_last_edited=\u201don|phone\u201d box_shadow_style_image=\u201dpreset1\u2033 image_max_width=\u201d200px\u201d global_colors_info=\u201d{}\u201d][\/et_pb_blurb][\/et_pb_column][et_pb_column type=\u201d1_2\u2033 _builder_version=\u201d4.20.4\u2033 _module_preset=\u201ddefault\u201d global_colors_info=\u201d{}\u201d][et_pb_text content_tablet=\u201d<\/p>\n\n\n\n\n\n<p>Colombianitos es reconocida por ser un aliado estrat\u00e9gico para el mejoramiento de la convivencia al interior de las instituciones educativas en Puerto Tejada \u2013 Cauca.<\/p>\n<p>\u201d content_phone=\u201d<\/p>\n<p>Colombianitos es reconocida por ser un aliado estrat\u00e9gico para el mejoramiento de la convivencia al interior de las instituciones educativas en Puerto Tejada \u2013 Cauca.<\/p>\n<p>\u201d content_last_edited=\u201don|phone\u201d _builder_version=\u201d4.20.4\u2033 _module_preset=\u201ddefault\u201d text_font_size=\u201d16px\u201d text_line_height=\u201d1.6em\u201d animation_style=\u201dfade\u201d global_colors_info=\u201d{}\u201d]<\/p>\n<p>\u00a0<\/p>\n<p>\u00a0<\/p>\n<p>\u00a0<\/p>\n<p>\u00a0<\/p>\n<p>\u00a0<\/p>\n<p>\u00a0<\/p>\n<p>\u00a0<\/p>\n<p>\u00a0<\/p>\n<p>\u00a0<\/p>\n<p>\u00a0<\/p>\n<p>\u00a0<\/p>\n<p>Colombianitos es reconocida por ser un aliado estrat\u00e9gico para el mejoramiento de la convivencia al interior de las instituciones educativas en Puerto Tejada \u2013 Cauca.<\/p>\n<p>[\/et_pb_text][\/et_pb_column][\/et_pb_row][et_pb_row column_structure=\u201d1_2,1_2\u2033 _builder_version=\u201d4.20.4\u2033 _module_preset=\u201ddefault\u201d global_colors_info=\u201d{}\u201d][et_pb_column type=\u201d1_2\u2033 _builder_version=\u201d4.20.4\u2033 _module_preset=\u201ddefault\u201d global_colors_info=\u201d{}\u201d][et_pb_image src=\u201dhttps:\/\/www.colombianitos.org\/wp-content\/uploads\/2021\/04\/puntos.png\u201d title_text=\u201dpuntos\u201d _builder_version=\u201d4.16\u2033 _module_preset=\u201ddefault\u201d width=\u201d50%\u201d global_colors_info=\u201d{}\u201d][\/et_pb_image][et_pb_text _builder_version=\u201d4.20.4\u2033 _module_preset=\u201ddefault\u201d header_font=\u201d|800|||||||\u201d header_text_color=\u201d#2b77c8\u2033 header_font_size=\u201d50px\u201d text_orientation=\u201dright\u201d global_colors_info=\u201d{}\u201d]<\/p>\n<h1 style=\"text-align: center;\">2017<\/h1>\n<p>[\/et_pb_text][et_pb_blurb title=\u201dReconocimiento  de la administraci\u00f3n municipal de Puerto Tejada \u2013 Cauca\u201d image_icon_width=\u201d100%\u201d icon_placement_tablet=\u201d\u201d icon_placement_phone=\u201dtop\u201d icon_placement_last_edited=\u201don|phone\u201d _builder_version=\u201d4.20.4\u2033 _module_preset=\u201ddefault\u201d header_level=\u201dh1\u2033 header_font=\u201d|700|||||||\u201d header_text_align=\u201dcenter\u201d header_font_size=\u201d25px\u201d body_font=\u201d||||||||\u201d body_text_align=\u201dleft\u201d body_text_color=\u201d#0C71C3\u2033 body_font_size=\u201d15px\u201d body_line_height=\u201d1.5em\u201d image_icon_custom_padding_tablet=\u201d\u201d image_icon_custom_padding_phone=\u201d\u201d image_icon_custom_padding_last_edited=\u201don|phone\u201d text_orientation=\u201dcenter\u201d module_alignment=\u201dcenter\u201d max_height=\u201d961px\u201d custom_padding=\u201d||5px|||\u201d animation_style=\u201dfade\u201d border_radii_image=\u201don|300px|300px|300px|300px\u201d border_width_all_image_tablet=\u201d\u201d border_width_all_image_phone=\u201d\u201d border_width_all_image_last_edited=\u201don|phone\u201d box_shadow_style_image=\u201dpreset1\u2033 image_max_width=\u201d200px\u201d global_colors_info=\u201d{}\u201d][\/et_pb_blurb][et_pb_blurb image=\u201dhttps:\/\/www.colombianitos.org\/wp-content\/uploads\/2024\/03\/2017-reconcimiento-de-la-administracion-municipal-de-puerto-tejada-cauca.jpg\u201d image_icon_width=\u201d100%\u201d icon_placement_tablet=\u201d\u201d icon_placement_phone=\u201dtop\u201d icon_placement_last_edited=\u201don|phone\u201d _builder_version=\u201d4.20.4\u2033 _module_preset=\u201ddefault\u201d header_level=\u201dh1\u2033 header_font=\u201d|700|||||||\u201d header_text_align=\u201dcenter\u201d header_font_size=\u201d25px\u201d body_font=\u201d||||||||\u201d body_text_align=\u201dleft\u201d body_text_color=\u201d#0C71C3\u2033 body_font_size=\u201d15px\u201d body_line_height=\u201d1.5em\u201d image_icon_custom_padding_tablet=\u201d\u201d image_icon_custom_padding_phone=\u201d\u201d image_icon_custom_padding_last_edited=\u201don|phone\u201d text_orientation=\u201dcenter\u201d module_alignment=\u201dcenter\u201d max_height=\u201d961px\u201d custom_padding=\u201d||5px|||\u201d animation_style=\u201dfade\u201d border_width_all_image_tablet=\u201d\u201d border_width_all_image_phone=\u201d\u201d border_width_all_image_last_edited=\u201don|phone\u201d box_shadow_style_image=\u201dpreset1\u2033 image_max_width=\u201d200px\u201d global_colors_info=\u201d{}\u201d][\/et_pb_blurb][\/et_pb_column][et_pb_column type=\u201d1_2\u2033 _builder_version=\u201d4.20.4\u2033 _module_preset=\u201ddefault\u201d global_colors_info=\u201d{}\u201d][et_pb_text content_tablet=\u201d<\/p>\n\n\n\n\n\n<p>Durante la primera Gala de educaci\u00f3n en Puerto Tejada, la Alcald\u00eda del municipio a trav\u00e9s de sus Secretaria de Educaci\u00f3n hizo un reconocimiento a la Fundaci\u00f3n Colombianitos, en la categor\u00eda de aliados estrat\u00e9gicos, por fomentar las buenas pr\u00e1cticas educativas en la comunidad mediante su programa %22Goles para una vida Mejor%22.<\/p>\n<p>\u201d content_phone=\u201d<\/p>\n<p>Durante la primera Gala de educaci\u00f3n en Puerto Tejada, la Alcald\u00eda del municipio a trav\u00e9s de su Secretaria de Educaci\u00f3n hizo un reconocimiento a la Fundaci\u00f3n Colombianitos, en la categor\u00eda de aliados estrat\u00e9gicos, por fomentar las buenas pr\u00e1cticas educativas en la comunidad mediante su programa %22Goles para una vida Mejor%22.<\/p>\n<p>\u201d content_last_edited=\u201don|desktop\u201d _builder_version=\u201d4.20.4\u2033 _module_preset=\u201ddefault\u201d text_font_size=\u201d16px\u201d text_line_height=\u201d1.6em\u201d animation_style=\u201dfade\u201d global_colors_info=\u201d{}\u201d]<\/p>\n<p>\u00a0<\/p>\n<p>\u00a0<\/p>\n<p>\u00a0<\/p>\n<p>\u00a0<\/p>\n<p>\u00a0<\/p>\n<p>\u00a0<\/p>\n<p>\u00a0<\/p>\n<p>\u00a0<\/p>\n<p>\u00a0<\/p>\n<p>\u00a0<\/p>\n<p>Durante la primera Gala de educaci\u00f3n en Puerto Tejada, la Alcald\u00eda del municipio a trav\u00e9s de su Secretaria de Educaci\u00f3n hizo un reconocimiento a la Fundaci\u00f3n Colombianitos, en la categor\u00eda de aliados estrat\u00e9gicos, por fomentar las buenas pr\u00e1cticas educativas en la comunidad mediante su programa \u201cGoles para una vida Mejor\u201d.<\/p>\n<p>[\/et_pb_text][\/et_pb_column][\/et_pb_row][et_pb_row column_structure=\u201d1_2,1_2\u2033 _builder_version=\u201d4.20.4\u2033 _module_preset=\u201ddefault\u201d global_colors_info=\u201d{}\u201d][et_pb_column type=\u201d1_2\u2033 _builder_version=\u201d4.20.4\u2033 _module_preset=\u201ddefault\u201d global_colors_info=\u201d{}\u201d][et_pb_image src=\u201dhttps:\/\/www.colombianitos.org\/wp-content\/uploads\/2021\/04\/puntos.png\u201d title_text=\u201dpuntos\u201d _builder_version=\u201d4.16\u2033 _module_preset=\u201ddefault\u201d width=\u201d50%\u201d global_colors_info=\u201d{}\u201d][\/et_pb_image][et_pb_text _builder_version=\u201d4.20.4\u2033 _module_preset=\u201ddefault\u201d header_font=\u201d|800|||||||\u201d header_text_color=\u201d#2b77c8\u2033 header_font_size=\u201d50px\u201d text_orientation=\u201dright\u201d global_colors_info=\u201d{}\u201d]<\/p>\n<h1 style=\"text-align: center;\">2016<\/h1>\n<p>[\/et_pb_text][et_pb_blurb title=\u201dFOOTBALL FOR HOPE \u2013 Festival de Lyon, Francia\u201d image_icon_width=\u201d100%\u201d icon_placement_tablet=\u201d\u201d icon_placement_phone=\u201dtop\u201d icon_placement_last_edited=\u201don|phone\u201d _builder_version=\u201d4.20.4\u2033 _module_preset=\u201ddefault\u201d header_level=\u201dh1\u2033 header_font=\u201d|700|||||||\u201d header_text_align=\u201dcenter\u201d header_font_size=\u201d25px\u201d body_font=\u201d||||||||\u201d body_text_align=\u201dleft\u201d body_text_color=\u201d#0C71C3\u2033 body_font_size=\u201d15px\u201d body_line_height=\u201d1.5em\u201d image_icon_custom_padding_tablet=\u201d\u201d image_icon_custom_padding_phone=\u201d\u201d image_icon_custom_padding_last_edited=\u201don|phone\u201d text_orientation=\u201dcenter\u201d module_alignment=\u201dcenter\u201d max_height=\u201d961px\u201d custom_padding=\u201d||5px|||\u201d animation_style=\u201dfade\u201d border_radii_image=\u201don|300px|300px|300px|300px\u201d border_width_all_image_tablet=\u201d\u201d border_width_all_image_phone=\u201d\u201d border_width_all_image_last_edited=\u201don|phone\u201d box_shadow_style_image=\u201dpreset1\u2033 image_max_width=\u201d200px\u201d global_colors_info=\u201d{}\u201d][\/et_pb_blurb][et_pb_blurb image=\u201dhttps:\/\/www.colombianitos.org\/wp-content\/uploads\/2024\/03\/2016-festival-de-lyon-francia.jpg\u201d image_icon_width=\u201d100%\u201d icon_placement_tablet=\u201d\u201d icon_placement_phone=\u201dtop\u201d icon_placement_last_edited=\u201don|phone\u201d _builder_version=\u201d4.20.4\u2033 _module_preset=\u201ddefault\u201d header_level=\u201dh1\u2033 header_font=\u201d|700|||||||\u201d header_text_align=\u201dcenter\u201d header_font_size=\u201d25px\u201d body_font=\u201d||||||||\u201d body_text_align=\u201dleft\u201d body_text_color=\u201d#0C71C3\u2033 body_font_size=\u201d15px\u201d body_line_height=\u201d1.5em\u201d image_icon_custom_padding_tablet=\u201d\u201d image_icon_custom_padding_phone=\u201d\u201d image_icon_custom_padding_last_edited=\u201don|phone\u201d text_orientation=\u201dcenter\u201d module_alignment=\u201dcenter\u201d max_height=\u201d961px\u201d custom_padding=\u201d||5px|||\u201d animation_style=\u201dfade\u201d border_width_all_image_tablet=\u201d\u201d border_width_all_image_phone=\u201d\u201d border_width_all_image_last_edited=\u201don|phone\u201d box_shadow_style_image=\u201dpreset1\u2033 image_max_width=\u201d200px\u201d global_colors_info=\u201d{}\u201d][\/et_pb_blurb][\/et_pb_column][et_pb_column type=\u201d1_2\u2033 _builder_version=\u201d4.20.4\u2033 _module_preset=\u201ddefault\u201d global_colors_info=\u201d{}\u201d][et_pb_text content_tablet=\u201d<\/p>\n\n\n\n\n\n<p>Cuatro beneficiarios de nuestra Fundaci\u00f3n nos representaron en el festival de Lyon, donde participaron m\u00e1s de 80 delegaciones de todas partes del mundo que al igual que nosotros trabajan el f\u00fatbol como una herramienta de desarrollo social.<\/p>\n<p>\u201d content_phone=\u201d<\/p>\n<p>Cuatro beneficiarios de nuestra Fundaci\u00f3n nos representaron en el festival de Lyon, donde participaron m\u00e1s de 80 delegaciones de todas partes del mundo que al igual que nosotros trabajan el f\u00fatbol como una herramienta de desarrollo social.. <a href=\"%22https:\/\/www.efdn.org\/wp-content\/uploads\/2017\/05\/footballforhopebrochureen_neutral.pdf%22\">https:\/\/www.efdn.org\/wp-content\/uploads\/2017\/05\/footballforhopebrochureen_neutral.pdf<\/a><\/p>\n<p>\u201d content_last_edited=\u201don|desktop\u201d _builder_version=\u201d4.20.4\u2033 _module_preset=\u201ddefault\u201d text_font_size=\u201d16px\u201d text_line_height=\u201d1.6em\u201d animation_style=\u201dfade\u201d global_colors_info=\u201d{}\u201d]<\/p>\n<p>\u00a0<\/p>\n<p>\u00a0<\/p>\n<p>\u00a0<\/p>\n<p>\u00a0<\/p>\n<p>\u00a0<\/p>\n<p>\u00a0<\/p>\n<p>\u00a0<\/p>\n<p>\u00a0<\/p>\n<p>\u00a0<\/p>\n<p>Cuatro beneficiarios de nuestra Fundaci\u00f3n nos representaron en el festival de Lyon, donde participaron m\u00e1s de 80 delegaciones de todas partes del mundo que al igual que nosotros trabajan el f\u00fatbol como una herramienta de desarrollo social.<a href=\"https:\/\/www.efdn.org\/wp-content\/uploads\/2017\/05\/footballforhopebrochureen_neutral.pdf\">https:\/\/www.efdn.org\/wp-content\/uploads\/2017\/05\/footballforhopebrochureen_neutral.pdf<\/a><\/p>\n<p>[\/et_pb_text][\/et_pb_column][\/et_pb_row][et_pb_row column_structure=\u201d1_2,1_2\u2033 _builder_version=\u201d4.20.4\u2033 _module_preset=\u201ddefault\u201d global_colors_info=\u201d{}\u201d][et_pb_column type=\u201d1_2\u2033 _builder_version=\u201d4.20.4\u2033 _module_preset=\u201ddefault\u201d global_colors_info=\u201d{}\u201d][et_pb_blurb title=\u201dPremio CAF \u2013 iniciativas sociales m\u00e1s innovadoras\u201d image_icon_width=\u201d100%\u201d icon_placement_tablet=\u201d\u201d icon_placement_phone=\u201dtop\u201d icon_placement_last_edited=\u201don|phone\u201d _builder_version=\u201d4.20.4\u2033 _module_preset=\u201ddefault\u201d header_level=\u201dh1\u2033 header_font=\u201d|700|||||||\u201d header_text_align=\u201dcenter\u201d header_font_size=\u201d25px\u201d body_font=\u201d||||||||\u201d body_text_align=\u201dleft\u201d body_text_color=\u201d#0C71C3\u2033 body_font_size=\u201d15px\u201d body_line_height=\u201d1.5em\u201d image_icon_custom_padding_tablet=\u201d\u201d image_icon_custom_padding_phone=\u201d\u201d image_icon_custom_padding_last_edited=\u201don|phone\u201d text_orientation=\u201dcenter\u201d module_alignment=\u201dcenter\u201d max_height=\u201d961px\u201d custom_padding=\u201d||5px|||\u201d animation_style=\u201dfade\u201d border_radii_image=\u201don|300px|300px|300px|300px\u201d border_width_all_image_tablet=\u201d\u201d border_width_all_image_phone=\u201d\u201d border_width_all_image_last_edited=\u201don|phone\u201d box_shadow_style_image=\u201dpreset1\u2033 image_max_width=\u201d200px\u201d global_colors_info=\u201d{}\u201d][\/et_pb_blurb][et_pb_blurb image=\u201dhttps:\/\/www.colombianitos.org\/wp-content\/uploads\/2024\/03\/2016-premio-iniciativas-sociales-mas-innovadoras_.jpg\u201d image_icon_width=\u201d100%\u201d icon_placement_tablet=\u201d\u201d icon_placement_phone=\u201dtop\u201d icon_placement_last_edited=\u201don|phone\u201d _builder_version=\u201d4.20.4\u2033 _module_preset=\u201ddefault\u201d header_level=\u201dh1\u2033 header_font=\u201d|700|||||||\u201d header_text_align=\u201dcenter\u201d header_font_size=\u201d25px\u201d body_font=\u201d||||||||\u201d body_text_align=\u201dleft\u201d body_text_color=\u201d#0C71C3\u2033 body_font_size=\u201d15px\u201d body_line_height=\u201d1.5em\u201d image_icon_custom_padding_tablet=\u201d\u201d image_icon_custom_padding_phone=\u201d\u201d image_icon_custom_padding_last_edited=\u201don|phone\u201d text_orientation=\u201dcenter\u201d module_alignment=\u201dcenter\u201d max_height=\u201d961px\u201d custom_padding=\u201d||5px|||\u201d animation_style=\u201dfade\u201d border_width_all_image_tablet=\u201d\u201d border_width_all_image_phone=\u201d\u201d border_width_all_image_last_edited=\u201don|phone\u201d box_shadow_style_image=\u201dpreset1\u2033 image_max_width=\u201d200px\u201d global_colors_info=\u201d{}\u201d][\/et_pb_blurb][\/et_pb_column][et_pb_column type=\u201d1_2\u2033 _builder_version=\u201d4.20.4\u2033 _module_preset=\u201ddefault\u201d global_colors_info=\u201d{}\u201d][et_pb_text content_tablet=\u201d<\/p>\n\n\n\n\n\n\n<p>Colombianitos hace parte del programa de \u201cF\u00fatbol por la paz y reconciliaci\u00f3n\u201d el cual fue merecedor de un reconocimiento al compromiso empresarial por la CAF. Fue escogido entre m\u00e1s de 350 procedentes de Am\u00e9rica Latina y Espa\u00f1a.<\/p>\n<p>\u201d content_phone=\u201d<\/p>\n<p>Colombianitos hace parte del programa de \u201cF\u00fatbol por la paz y reconciliaci\u00f3n\u201d el cual fue merecedor de un reconocimiento al compromiso empresarial por la CAF. Fue escogido entre m\u00e1s de 350 procedentes de Am\u00e9rica Latina y Espa\u00f1a. <a href=\"\/en\/%22https:\/\/www.caf.com\/%22\/\">https:\/\/www.caf.com\/<\/a><\/p>\n<p>\u201d content_last_edited=\u201don|desktop\u201d _builder_version=\u201d4.20.4\u2033 _module_preset=\u201ddefault\u201d text_font_size=\u201d16px\u201d text_line_height=\u201d1.6em\u201d animation_style=\u201dfade\u201d global_colors_info=\u201d{}\u201d]<\/p>\n<p>\u00a0<\/p>\n<p>\u00a0<\/p>\n<p>\u00a0<\/p>\n<p>\u00a0<\/p>\n<p>\u00a0<\/p>\n<p>Colombianitos hace parte del programa de \u201cF\u00fatbol por la paz y reconciliaci\u00f3n\u201d el cual fue merecedor de un reconocimiento al compromiso empresarial por la CAF. Fue escogido entre m\u00e1s de 350 procedentes de Am\u00e9rica Latina y Espa\u00f1a. <a href=\"https:\/\/www.caf.com\/\">https:\/\/www.caf.com\/<\/a><\/p>\n<p>[\/et_pb_text][\/et_pb_column][\/et_pb_row][et_pb_row column_structure=\u201d1_2,1_2\u2033 _builder_version=\u201d4.20.4\u2033 _module_preset=\u201ddefault\u201d global_colors_info=\u201d{}\u201d][et_pb_column type=\u201d1_2\u2033 _builder_version=\u201d4.20.4\u2033 _module_preset=\u201ddefault\u201d global_colors_info=\u201d{}\u201d][et_pb_blurb title=\u201dUEFA Foundation Children\u2019s Awards\u201d image_icon_width=\u201d100%\u201d icon_placement_tablet=\u201d\u201d icon_placement_phone=\u201dtop\u201d icon_placement_last_edited=\u201don|phone\u201d _builder_version=\u201d4.20.4\u2033 _module_preset=\u201ddefault\u201d header_level=\u201dh1\u2033 header_font=\u201d|700|||||||\u201d header_text_align=\u201dcenter\u201d header_font_size=\u201d25px\u201d body_font=\u201d||||||||\u201d body_text_align=\u201dleft\u201d body_text_color=\u201d#0C71C3\u2033 body_font_size=\u201d15px\u201d body_line_height=\u201d1.5em\u201d image_icon_custom_padding_tablet=\u201d\u201d image_icon_custom_padding_phone=\u201d\u201d image_icon_custom_padding_last_edited=\u201don|phone\u201d text_orientation=\u201dcenter\u201d module_alignment=\u201dcenter\u201d max_height=\u201d961px\u201d custom_padding=\u201d||5px|||\u201d animation_style=\u201dfade\u201d border_radii_image=\u201don|300px|300px|300px|300px\u201d border_width_all_image_tablet=\u201d\u201d border_width_all_image_phone=\u201d\u201d border_width_all_image_last_edited=\u201don|phone\u201d box_shadow_style_image=\u201dpreset1\u2033 image_max_width=\u201d200px\u201d global_colors_info=\u201d{}\u201d][\/et_pb_blurb][et_pb_blurb image=\u201dhttps:\/\/www.colombianitos.org\/wp-content\/uploads\/2024\/03\/2016-uefa-foundation-childrens-awards.jpg\u201d image_icon_width=\u201d100%\u201d icon_placement_tablet=\u201d\u201d icon_placement_phone=\u201dtop\u201d icon_placement_last_edited=\u201don|phone\u201d _builder_version=\u201d4.20.4\u2033 _module_preset=\u201ddefault\u201d header_level=\u201dh1\u2033 header_font=\u201d|700|||||||\u201d header_text_align=\u201dcenter\u201d header_font_size=\u201d25px\u201d body_font=\u201d||||||||\u201d body_text_align=\u201dleft\u201d body_text_color=\u201d#0C71C3\u2033 body_font_size=\u201d15px\u201d body_line_height=\u201d1.5em\u201d image_icon_custom_padding_tablet=\u201d\u201d image_icon_custom_padding_phone=\u201d\u201d image_icon_custom_padding_last_edited=\u201don|phone\u201d text_orientation=\u201dcenter\u201d module_alignment=\u201dcenter\u201d max_height=\u201d961px\u201d custom_padding=\u201d||5px|||\u201d animation_style=\u201dfade\u201d border_width_all_image_tablet=\u201d\u201d border_width_all_image_phone=\u201d\u201d border_width_all_image_last_edited=\u201don|phone\u201d box_shadow_style_image=\u201dpreset1\u2033 image_max_width=\u201d200px\u201d global_colors_info=\u201d{}\u201d][\/et_pb_blurb][\/et_pb_column][et_pb_column type=\u201d1_2\u2033 _builder_version=\u201d4.20.4\u2033 _module_preset=\u201ddefault\u201d global_colors_info=\u201d{}\u201d][et_pb_text content_tablet=\u201d<\/p>\n\n\n\n\n\n\n<p>La directora de la Fundaci\u00f3n recibi\u00f3 en las instalaciones de la UEFA (Uni\u00f3n of European Football associations) en Ginebra, el premio Children\u2019s Awards. Premio otorgado gracias a la labor de la fundaci\u00f3n en la promoci\u00f3n de valores.<\/p>\n<p>\u201d content_phone=\u201d<\/p>\n<p>La directora de la Fundaci\u00f3n recibi\u00f3 en las instalaciones de la UEFA (Uni\u00f3n of European Football associations) en Ginebra, Suiza, el premio Children\u2019s Awards. fue otorgado gracias a la labor de la Fundaci\u00f3n en la promoci\u00f3n de valores.<\/p>\n<p>\u201d content_last_edited=\u201don|desktop\u201d _builder_version=\u201d4.20.4\u2033 _module_preset=\u201ddefault\u201d text_font_size=\u201d16px\u201d text_line_height=\u201d1.6em\u201d animation_style=\u201dfade\u201d global_colors_info=\u201d{}\u201d]<\/p>\n<p>\u00a0<\/p>\n<p>\u00a0<\/p>\n<p>\u00a0<\/p>\n<p>\u00a0<\/p>\n<p>La directora de la Fundaci\u00f3n recibi\u00f3 en las instalaciones de la UEFA (Uni\u00f3n of European Football associations) en Ginebra, Suiza, el premio Children\u2019s Awards. fue otorgado gracias a la labor de la Fundaci\u00f3n en la promoci\u00f3n de valores.<\/p>\n<p>[\/et_pb_text][\/et_pb_column][\/et_pb_row][et_pb_row column_structure=\u201d1_2,1_2\u2033 _builder_version=\u201d4.20.4\u2033 _module_preset=\u201ddefault\u201d global_colors_info=\u201d{}\u201d][et_pb_column type=\u201d1_2\u2033 _builder_version=\u201d4.20.4\u2033 _module_preset=\u201ddefault\u201d global_colors_info=\u201d{}\u201d][et_pb_image src=\u201dhttps:\/\/www.colombianitos.org\/wp-content\/uploads\/2021\/04\/puntos.png\u201d title_text=\u201dpuntos\u201d _builder_version=\u201d4.16\u2033 _module_preset=\u201ddefault\u201d width=\u201d50%\u201d global_colors_info=\u201d{}\u201d][\/et_pb_image][et_pb_text _builder_version=\u201d4.20.4\u2033 _module_preset=\u201ddefault\u201d header_font=\u201d|800|||||||\u201d header_text_color=\u201d#2b77c8\u2033 header_font_size=\u201d50px\u201d text_orientation=\u201dright\u201d global_colors_info=\u201d{}\u201d]<\/p>\n<h1 style=\"text-align: center;\">2013<\/h1>\n<p>[\/et_pb_text][et_pb_blurb title=\u201dColombianitos Expertos en rob\u00f3tica FIRST LEGO LEAGUE\u201d image_icon_width=\u201d100%\u201d icon_placement_tablet=\u201d\u201d icon_placement_phone=\u201dtop\u201d icon_placement_last_edited=\u201don|phone\u201d _builder_version=\u201d4.20.4\u2033 _module_preset=\u201ddefault\u201d header_level=\u201dh1\u2033 header_font=\u201d|700|||||||\u201d header_text_align=\u201dcenter\u201d header_font_size=\u201d25px\u201d body_font=\u201d||||||||\u201d body_text_align=\u201dleft\u201d body_text_color=\u201d#0C71C3\u2033 body_font_size=\u201d15px\u201d body_line_height=\u201d1.5em\u201d image_icon_custom_padding_tablet=\u201d\u201d image_icon_custom_padding_phone=\u201d\u201d image_icon_custom_padding_last_edited=\u201don|phone\u201d text_orientation=\u201dcenter\u201d module_alignment=\u201dcenter\u201d max_height=\u201d961px\u201d custom_padding=\u201d||5px|||\u201d animation_style=\u201dfade\u201d border_radii_image=\u201don|300px|300px|300px|300px\u201d border_width_all_image_tablet=\u201d\u201d border_width_all_image_phone=\u201d\u201d border_width_all_image_last_edited=\u201don|phone\u201d box_shadow_style_image=\u201dpreset1\u2033 image_max_width=\u201d200px\u201d global_colors_info=\u201d{}\u201d][\/et_pb_blurb][et_pb_blurb image=\u201dhttps:\/\/www.colombianitos.org\/wp-content\/uploads\/2024\/03\/2013-Colombianitos-Expertos-en-robotica.png\u201d image_icon_width=\u201d100%\u201d icon_placement_tablet=\u201d\u201d icon_placement_phone=\u201dtop\u201d icon_placement_last_edited=\u201don|phone\u201d _builder_version=\u201d4.20.4\u2033 _module_preset=\u201ddefault\u201d header_level=\u201dh1\u2033 header_font=\u201d|700|||||||\u201d header_text_align=\u201dcenter\u201d header_font_size=\u201d25px\u201d body_font=\u201d||||||||\u201d body_text_align=\u201dleft\u201d body_text_color=\u201d#0C71C3\u2033 body_font_size=\u201d15px\u201d body_line_height=\u201d1.5em\u201d image_icon_custom_padding_tablet=\u201d\u201d image_icon_custom_padding_phone=\u201d\u201d image_icon_custom_padding_last_edited=\u201don|phone\u201d text_orientation=\u201dcenter\u201d module_alignment=\u201dcenter\u201d max_height=\u201d961px\u201d custom_padding=\u201d||5px|||\u201d animation_style=\u201dfade\u201d border_width_all_image_tablet=\u201d\u201d border_width_all_image_phone=\u201d\u201d border_width_all_image_last_edited=\u201don|phone\u201d box_shadow_style_image=\u201dpreset1\u2033 image_max_width=\u201d200px\u201d global_colors_info=\u201d{}\u201d][\/et_pb_blurb][\/et_pb_column][et_pb_column type=\u201d1_2\u2033 _builder_version=\u201d4.20.4\u2033 _module_preset=\u201ddefault\u201d global_colors_info=\u201d{}\u201d][et_pb_text content_tablet=\u201d<\/p>\n\n\n\n\n<p>12 Colombianitos de Puerto Tejada \u2013 Cauca compitieron con 88 pa\u00edses dejando el nombre de Colombia en alto al obtener el premio del %22Judge%22 en el torneo mundial %22First Lego League%22, sobresaliendo por: saber matem\u00e1tico, buena programaci\u00f3n de robot y mejor investigaci\u00f3n.<\/p>\n<p>\u201d content_phone=\u201d<\/p>\n<p>12 Colombianitos de Puerto Tejada \u2013 Cauca compitieron con 88 pa\u00edses dejando el nombre de Colombia en alto al obtener el premio del %22Judge%22 en el torneo mundial %22First Lego League%22, sobresaliendo por: saber matem\u00e1tico, buena programaci\u00f3n de robot y mejor investigaci\u00f3n. <a href=\"\/en\/%22https:\/\/www.firstlegoleague.org\/%22\/\">https:\/\/www.firstlegoleague.org\/<\/a><\/p>\n<p>\u201d content_last_edited=\u201don|desktop\u201d _builder_version=\u201d4.20.4\u2033 _module_preset=\u201ddefault\u201d text_font_size=\u201d16px\u201d text_line_height=\u201d1.6em\u201d animation_style=\u201dfade\u201d global_colors_info=\u201d{}\u201d]<\/p>\n<p>\u00a0<\/p>\n<p>\u00a0<\/p>\n<p>\u00a0<\/p>\n<p>\u00a0<\/p>\n<p>\u00a0<\/p>\n<p>\u00a0<\/p>\n<p>\u00a0<\/p>\n<p>\u00a0<\/p>\n<p>\u00a0<\/p>\n<p>12 Colombianitos de Puerto Tejada \u2013 Cauca compitieron con 88 pa\u00edses dejando el nombre de Colombia en alto al obtener el premio del \u201cJudge\u201d en el torneo mundial \u201cFirst Lego League\u201d, sobresaliendo por: saber matem\u00e1tico, buena programaci\u00f3n de robot y mejor investigaci\u00f3n. <a href=\"https:\/\/www.firstlegoleague.org\/\">https:\/\/www.firstlegoleague.org\/<\/a><\/p>\n<p>[\/et_pb_text][\/et_pb_column][\/et_pb_row][et_pb_row column_structure=\u201d1_2,1_2\u2033 _builder_version=\u201d4.20.4\u2033 _module_preset=\u201ddefault\u201d global_colors_info=\u201d{}\u201d][et_pb_column type=\u201d1_2\u2033 _builder_version=\u201d4.20.4\u2033 _module_preset=\u201ddefault\u201d global_colors_info=\u201d{}\u201d][et_pb_image src=\u201dhttps:\/\/www.colombianitos.org\/wp-content\/uploads\/2021\/04\/puntos.png\u201d title_text=\u201dpuntos\u201d _builder_version=\u201d4.16\u2033 _module_preset=\u201ddefault\u201d width=\u201d50%\u201d global_colors_info=\u201d{}\u201d][\/et_pb_image][et_pb_text _builder_version=\u201d4.20.4\u2033 _module_preset=\u201ddefault\u201d header_font=\u201d|800|||||||\u201d header_text_color=\u201d#2b77c8\u2033 header_font_size=\u201d50px\u201d text_orientation=\u201dright\u201d global_colors_info=\u201d{}\u201d]<\/p>\n<h1 style=\"text-align: center;\">2012<\/h1>\n<p>[\/et_pb_text][et_pb_blurb title=\u201dPremio %22Global Sports Forum Barcelona%22 Community\u201d image_icon_width=\u201d100%\u201d icon_placement_tablet=\u201d\u201d icon_placement_phone=\u201dtop\u201d icon_placement_last_edited=\u201don|phone\u201d _builder_version=\u201d4.20.4\u2033 _module_preset=\u201ddefault\u201d header_level=\u201dh1\u2033 header_font=\u201d|700|||||||\u201d header_text_align=\u201dcenter\u201d header_font_size=\u201d25px\u201d body_font=\u201d||||||||\u201d body_text_align=\u201dleft\u201d body_text_color=\u201d#0C71C3\u2033 body_font_size=\u201d15px\u201d body_line_height=\u201d1.5em\u201d image_icon_custom_padding_tablet=\u201d\u201d image_icon_custom_padding_phone=\u201d\u201d image_icon_custom_padding_last_edited=\u201don|phone\u201d text_orientation=\u201dcenter\u201d module_alignment=\u201dcenter\u201d max_height=\u201d961px\u201d custom_padding=\u201d||5px|||\u201d animation_style=\u201dfade\u201d border_radii_image=\u201don|300px|300px|300px|300px\u201d border_width_all_image_tablet=\u201d\u201d border_width_all_image_phone=\u201d\u201d border_width_all_image_last_edited=\u201don|phone\u201d box_shadow_style_image=\u201dpreset1\u2033 image_max_width=\u201d200px\u201d global_colors_info=\u201d{}\u201d][\/et_pb_blurb][et_pb_blurb image=\u201dhttps:\/\/www.colombianitos.org\/wp-content\/uploads\/2024\/03\/2012-Premio-Global-Sports-Forum-Barcelona-COMMUNITY-1.jpg\u201d image_icon_width=\u201d100%\u201d icon_placement_tablet=\u201d\u201d icon_placement_phone=\u201dtop\u201d icon_placement_last_edited=\u201don|phone\u201d _builder_version=\u201d4.20.4\u2033 _module_preset=\u201ddefault\u201d header_level=\u201dh1\u2033 header_font=\u201d|700|||||||\u201d header_text_align=\u201dcenter\u201d header_font_size=\u201d25px\u201d body_font=\u201d||||||||\u201d body_text_align=\u201dleft\u201d body_text_color=\u201d#0C71C3\u2033 body_font_size=\u201d15px\u201d body_line_height=\u201d1.5em\u201d image_icon_custom_padding_tablet=\u201d\u201d image_icon_custom_padding_phone=\u201d\u201d image_icon_custom_padding_last_edited=\u201don|phone\u201d text_orientation=\u201dcenter\u201d module_alignment=\u201dcenter\u201d max_height=\u201d961px\u201d custom_padding=\u201d||5px|||\u201d animation_style=\u201dfade\u201d border_width_all_image_tablet=\u201d\u201d border_width_all_image_phone=\u201d\u201d border_width_all_image_last_edited=\u201don|phone\u201d box_shadow_style_image=\u201dpreset1\u2033 image_max_width=\u201d200px\u201d global_colors_info=\u201d{}\u201d][\/et_pb_blurb][\/et_pb_column][et_pb_column type=\u201d1_2\u2033 _builder_version=\u201d4.20.4\u2033 _module_preset=\u201ddefault\u201d global_colors_info=\u201d{}\u201d][et_pb_text content_tablet=\u201d<\/p>\n\n\n\n\n\n\n<p>La Fundaci\u00f3n Colombianitos recibe el premio %22Global Sports Forum Barcelona%22 Comunity 2012, por su labor social a favor de la paz de Colombia.<\/p>\n<p>\u201d content_phone=\u201d<\/p>\n<p>La Fundaci\u00f3n Colombianitos recibe el premio %22Global Sports Forum Barcelona%22 Comunity 2012, por su labor social a favor de la paz de Colombia. <a href=\"\/en\/%22https:\/\/www.sportanddev.org\/latest\/events\/global-sports-forum-barcelona%22\/\">https:\/\/www.sportanddev.org\/latest\/events\/global-sports-forum-barcelona<\/a><\/p>\n<p>\u201d content_last_edited=\u201don|phone\u201d _builder_version=\u201d4.20.4\u2033 _module_preset=\u201ddefault\u201d text_font_size=\u201d16px\u201d text_line_height=\u201d1.6em\u201d animation_style=\u201dfade\u201d global_colors_info=\u201d{}\u201d]<\/p>\n<p>\u00a0<\/p>\n<p>\u00a0<\/p>\n<p>\u00a0<\/p>\n<p>\u00a0<\/p>\n<p>\u00a0<\/p>\n<p>\u00a0<\/p>\n<p>\u00a0<\/p>\n<p>\u00a0<\/p>\n<p>\u00a0<\/p>\n<p>\u00a0<\/p>\n<p>La Fundaci\u00f3n Colombianitos recibe el premio \u201cGlobal Sports Forum Barcelona\u201d Community 2012, por su labor social a favor de la paz de Colombia. <a href=\"https:\/\/www.sportanddev.org\/latest\/events\/global-sports-forum-barcelona\">https:\/\/www.sportanddev.org\/latest\/events\/global-sports-forum-barcelona<\/a><\/p>\n<p>[\/et_pb_text][\/et_pb_column][\/et_pb_row][et_pb_row column_structure=\u201d1_2,1_2\u2033 _builder_version=\u201d4.20.4\u2033 _module_preset=\u201ddefault\u201d global_colors_info=\u201d{}\u201d][et_pb_column type=\u201d1_2\u2033 _builder_version=\u201d4.20.4\u2033 _module_preset=\u201ddefault\u201d global_colors_info=\u201d{}\u201d][et_pb_blurb title=\u201dPremio %22Global Sports Forum Barcelona%22 GOLD\u201d image_icon_width=\u201d100%\u201d icon_placement_tablet=\u201d\u201d icon_placement_phone=\u201dtop\u201d icon_placement_last_edited=\u201don|phone\u201d _builder_version=\u201d4.20.4\u2033 _module_preset=\u201ddefault\u201d header_level=\u201dh1\u2033 header_font=\u201d|700|||||||\u201d header_text_align=\u201dcenter\u201d header_font_size=\u201d25px\u201d body_font=\u201d||||||||\u201d body_text_align=\u201dleft\u201d body_text_color=\u201d#0C71C3\u2033 body_font_size=\u201d15px\u201d body_line_height=\u201d1.5em\u201d image_icon_custom_padding_tablet=\u201d\u201d image_icon_custom_padding_phone=\u201d\u201d image_icon_custom_padding_last_edited=\u201don|phone\u201d text_orientation=\u201dcenter\u201d module_alignment=\u201dcenter\u201d max_height=\u201d961px\u201d custom_padding=\u201d||5px|||\u201d animation_style=\u201dfade\u201d border_radii_image=\u201don|300px|300px|300px|300px\u201d border_width_all_image_tablet=\u201d\u201d border_width_all_image_phone=\u201d\u201d border_width_all_image_last_edited=\u201don|phone\u201d box_shadow_style_image=\u201dpreset1\u2033 image_max_width=\u201d200px\u201d global_colors_info=\u201d{}\u201d][\/et_pb_blurb][et_pb_blurb image=\u201dhttps:\/\/www.colombianitos.org\/wp-content\/uploads\/2024\/03\/2012-Premio-Global-Sports-Forum-Barcelona-GOLD-1.jpg\u201d image_icon_width=\u201d100%\u201d icon_placement_tablet=\u201d\u201d icon_placement_phone=\u201dtop\u201d icon_placement_last_edited=\u201don|phone\u201d _builder_version=\u201d4.20.4\u2033 _module_preset=\u201ddefault\u201d header_level=\u201dh1\u2033 header_font=\u201d|700|||||||\u201d header_text_align=\u201dcenter\u201d header_font_size=\u201d25px\u201d body_font=\u201d||||||||\u201d body_text_align=\u201dleft\u201d body_text_color=\u201d#0C71C3\u2033 body_font_size=\u201d15px\u201d body_line_height=\u201d1.5em\u201d image_icon_custom_padding_tablet=\u201d\u201d image_icon_custom_padding_phone=\u201d\u201d image_icon_custom_padding_last_edited=\u201don|phone\u201d text_orientation=\u201dcenter\u201d module_alignment=\u201dcenter\u201d max_height=\u201d961px\u201d custom_padding=\u201d||5px|||\u201d animation_style=\u201dfade\u201d border_width_all_image_tablet=\u201d\u201d border_width_all_image_phone=\u201d\u201d border_width_all_image_last_edited=\u201don|phone\u201d box_shadow_style_image=\u201dpreset1\u2033 image_max_width=\u201d200px\u201d global_colors_info=\u201d{}\u201d][\/et_pb_blurb][\/et_pb_column][et_pb_column type=\u201d1_2\u2033 _builder_version=\u201d4.20.4\u2033 _module_preset=\u201ddefault\u201d global_colors_info=\u201d{}\u201d][et_pb_text content_tablet=\u201d<\/p>\n\n\n\n\n\n\n\n<p>La Fundaci\u00f3n Colombianitos recibe el premio %22Global Sports Forum Barcelona%22 Gold 2012, por su labor social en el conflicto armado.<\/p>\n<p>\u201d content_phone=\u201d<\/p>\n<p>La Fundaci\u00f3n Colombianitos recibe el premio %22Global Sports Forum Barcelona%22 Gold 2012, por su labor social en el conflicto armado. <a href=\"\/en\/%22https:\/\/www.sportanddev.org\/latest\/events\/global-sports-forum-barcelona%22\/\">https:\/\/www.sportanddev.org\/latest\/events\/global-sports-forum-barcelona<\/a><\/p>\n<p>\u201d content_last_edited=\u201don|desktop\u201d _builder_version=\u201d4.20.4\u2033 _module_preset=\u201ddefault\u201d text_font_size=\u201d16px\u201d text_line_height=\u201d1.6em\u201d animation_style=\u201dfade\u201d global_colors_info=\u201d{}\u201d]<\/p>\n<p>\u00a0<\/p>\n<p>\u00a0<\/p>\n<p>\u00a0<\/p>\n<p>\u00a0<\/p>\n<p>\u00a0<\/p>\n<p>La Fundaci\u00f3n Colombianitos recibe el premio \u201cGlobal Sports Forum Barcelona\u201d Gold 2012, por su labor social en el conflicto armado. <a href=\"https:\/\/www.sportanddev.org\/latest\/events\/global-sports-forum-barcelona\">https:\/\/www.sportanddev.org\/latest\/events\/global-sports-forum-barcelona<\/a><\/p>\n<p>[\/et_pb_text][\/et_pb_column][\/et_pb_row][et_pb_row column_structure=\u201d1_2,1_2\u2033 _builder_version=\u201d4.20.4\u2033 _module_preset=\u201ddefault\u201d global_colors_info=\u201d{}\u201d][et_pb_column type=\u201d1_2\u2033 _builder_version=\u201d4.20.4\u2033 _module_preset=\u201ddefault\u201d global_colors_info=\u201d{}\u201d][et_pb_image src=\u201dhttps:\/\/www.colombianitos.org\/wp-content\/uploads\/2021\/04\/puntos.png\u201d title_text=\u201dpuntos\u201d _builder_version=\u201d4.16\u2033 _module_preset=\u201ddefault\u201d width=\u201d50%\u201d global_colors_info=\u201d{}\u201d][\/et_pb_image][et_pb_text _builder_version=\u201d4.20.4\u2033 _module_preset=\u201ddefault\u201d header_font=\u201d|800|||||||\u201d header_text_color=\u201d#2b77c8\u2033 header_font_size=\u201d50px\u201d text_orientation=\u201dright\u201d global_colors_info=\u201d{}\u201d]<\/p>\n<h1 style=\"text-align: center;\">2009<\/h1>\n<p>[\/et_pb_text][et_pb_blurb title=\u201dPremio Derecho de los ni\u00f1os de UNICEF -BEYOND SPORT\u201d image_icon_width=\u201d100%\u201d icon_placement_tablet=\u201d\u201d icon_placement_phone=\u201dtop\u201d icon_placement_last_edited=\u201don|phone\u201d _builder_version=\u201d4.20.4\u2033 _module_preset=\u201ddefault\u201d header_level=\u201dh1\u2033 header_font=\u201d|700|||||||\u201d header_text_align=\u201dcenter\u201d header_font_size=\u201d25px\u201d body_font=\u201d||||||||\u201d body_text_align=\u201dleft\u201d body_text_color=\u201d#0C71C3\u2033 body_font_size=\u201d15px\u201d body_line_height=\u201d1.5em\u201d image_icon_custom_padding_tablet=\u201d\u201d image_icon_custom_padding_phone=\u201d\u201d image_icon_custom_padding_last_edited=\u201don|phone\u201d text_orientation=\u201dcenter\u201d module_alignment=\u201dcenter\u201d max_height=\u201d961px\u201d custom_padding=\u201d||5px|||\u201d animation_style=\u201dfade\u201d border_radii_image=\u201don|300px|300px|300px|300px\u201d border_width_all_image_tablet=\u201d\u201d border_width_all_image_phone=\u201d\u201d border_width_all_image_last_edited=\u201don|phone\u201d box_shadow_style_image=\u201dpreset1\u2033 image_max_width=\u201d200px\u201d global_colors_info=\u201d{}\u201d][\/et_pb_blurb][et_pb_blurb image=\u201dhttps:\/\/www.colombianitos.org\/wp-content\/uploads\/2024\/03\/2009-Premio-Derecho-de-los-ninos-de-UNICEF-1.jpg\u201d image_icon_width=\u201d100%\u201d icon_placement_tablet=\u201d\u201d icon_placement_phone=\u201dtop\u201d icon_placement_last_edited=\u201don|phone\u201d _builder_version=\u201d4.20.4\u2033 _module_preset=\u201ddefault\u201d header_level=\u201dh1\u2033 header_font=\u201d|700|||||||\u201d header_text_align=\u201dcenter\u201d header_font_size=\u201d25px\u201d body_font=\u201d||||||||\u201d body_text_align=\u201dleft\u201d body_text_color=\u201d#0C71C3\u2033 body_font_size=\u201d15px\u201d body_line_height=\u201d1.5em\u201d image_icon_custom_padding_tablet=\u201d\u201d image_icon_custom_padding_phone=\u201d\u201d image_icon_custom_padding_last_edited=\u201don|phone\u201d text_orientation=\u201dcenter\u201d module_alignment=\u201dcenter\u201d max_height=\u201d961px\u201d custom_padding=\u201d||5px|||\u201d animation_style=\u201dfade\u201d border_width_all_image_tablet=\u201d\u201d border_width_all_image_phone=\u201d\u201d border_width_all_image_last_edited=\u201don|phone\u201d box_shadow_style_image=\u201dpreset1\u2033 image_max_width=\u201d200px\u201d global_colors_info=\u201d{}\u201d][\/et_pb_blurb][\/et_pb_column][et_pb_column type=\u201d1_2\u2033 _builder_version=\u201d4.20.4\u2033 _module_preset=\u201ddefault\u201d global_colors_info=\u201d{}\u201d][et_pb_text content_tablet=\u201d<\/p>\n\n\n\n\n\n<p>Colombianitos recibe el primer premio%22Derecho de los ni\u00f1os de UNICEF%22 que se entreg\u00f3 en Londres durante la inauguraci\u00f3n de la cumbre Beyond Sport, UNICEF otorg\u00f3 por primera vez un premio especial a un proyecto sudamericano que emplea las actividades deportivas para promover los derechos de los ni\u00f1os y las ni\u00f1as.<\/p>\n<p>\u201d content_phone=\u201d<\/p>\n<p>Colombianitos recibe el primer premio%22Derecho de los ni\u00f1os de UNICEF%22 que se entreg\u00f3 en Londres durante la inauguraci\u00f3n de la cumbre Beyond Sport, UNICEF por primera vez otorga un premio especial a un proyecto sudamericano que emplea las actividades deportivas para promover los derechos de los ni\u00f1os y las ni\u00f1as. <a href=\"\/en\/%22https:\/\/www.unicef.org\/%22\/\">https:\/\/www.unicef.org\/<\/a>  <a href=\"\/en\/%22https:\/\/www.beyondsport.org\/%22\/\">https:\/\/www.beyondsport.org\/<\/a><\/p>\n<p>\u201d content_last_edited=\u201don|phone\u201d _builder_version=\u201d4.20.4\u2033 _module_preset=\u201ddefault\u201d text_font_size=\u201d16px\u201d text_line_height=\u201d1.6em\u201d animation_style=\u201dfade\u201d global_colors_info=\u201d{}\u201d]<\/p>\n<p>\u00a0<\/p>\n<p>\u00a0<\/p>\n<p>\u00a0<\/p>\n<p>\u00a0<\/p>\n<p>\u00a0<\/p>\n<p>\u00a0<\/p>\n<p>\u00a0<\/p>\n<p>\u00a0<\/p>\n<p>\u00a0<\/p>\n<p>Colombianitos recibe el primer premio\u201dDerecho de los ni\u00f1os de UNICEF\u201d que se entreg\u00f3 en Londres durante la inauguraci\u00f3n de la cumbre Beyond Sport, UNICEF por primera vez otorga un premio especial a un proyecto sudamericano que emplea las actividades deportivas para promover los derechos de los ni\u00f1os y las ni\u00f1as. <a href=\"https:\/\/www.unicef.org\/\">https:\/\/www.unicef.org\/<\/a>\u00a0 <a href=\"https:\/\/www.beyondsport.org\/\">https:\/\/www.beyondsport.org\/<\/a><\/p>\n<p>[\/et_pb_text][\/et_pb_column][\/et_pb_row][et_pb_row column_structure=\u201d1_2,1_2\u2033 _builder_version=\u201d4.20.4\u2033 _module_preset=\u201ddefault\u201d global_colors_info=\u201d{}\u201d][et_pb_column type=\u201d1_2\u2033 _builder_version=\u201d4.20.4\u2033 _module_preset=\u201ddefault\u201d global_colors_info=\u201d{}\u201d][et_pb_blurb title=\u201dReconocimiento por UNESCO y el BID\u201d image_icon_width=\u201d100%\u201d icon_placement_tablet=\u201d\u201d icon_placement_phone=\u201dtop\u201d icon_placement_last_edited=\u201don|phone\u201d _builder_version=\u201d4.20.4\u2033 _module_preset=\u201ddefault\u201d header_level=\u201dh1\u2033 header_font=\u201d|700|||||||\u201d header_text_align=\u201dcenter\u201d header_font_size=\u201d25px\u201d body_font=\u201d||||||||\u201d body_text_align=\u201dleft\u201d body_text_color=\u201d#0C71C3\u2033 body_font_size=\u201d15px\u201d body_line_height=\u201d1.5em\u201d image_icon_custom_padding_tablet=\u201d\u201d image_icon_custom_padding_phone=\u201d\u201d image_icon_custom_padding_last_edited=\u201don|phone\u201d text_orientation=\u201dcenter\u201d module_alignment=\u201dcenter\u201d max_height=\u201d961px\u201d custom_padding=\u201d||5px|||\u201d animation_style=\u201dfade\u201d border_radii_image=\u201don|300px|300px|300px|300px\u201d border_width_all_image_tablet=\u201d\u201d border_width_all_image_phone=\u201d\u201d border_width_all_image_last_edited=\u201don|phone\u201d box_shadow_style_image=\u201dpreset1\u2033 image_max_width=\u201d200px\u201d global_colors_info=\u201d{}\u201d][\/et_pb_blurb][et_pb_blurb image=\u201dhttps:\/\/www.colombianitos.org\/wp-content\/uploads\/2024\/03\/2009-recibimos-reconocimiento-por-unesco-y-el-bid-1.jpg\u201d image_icon_width=\u201d100%\u201d icon_placement_tablet=\u201d\u201d icon_placement_phone=\u201dtop\u201d icon_placement_last_edited=\u201don|phone\u201d _builder_version=\u201d4.20.4\u2033 _module_preset=\u201ddefault\u201d header_level=\u201dh1\u2033 header_font=\u201d|700|||||||\u201d header_text_align=\u201dcenter\u201d header_font_size=\u201d25px\u201d body_font=\u201d||||||||\u201d body_text_align=\u201dleft\u201d body_text_color=\u201d#0C71C3\u2033 body_font_size=\u201d15px\u201d body_line_height=\u201d1.5em\u201d image_icon_custom_padding_tablet=\u201d\u201d image_icon_custom_padding_phone=\u201d\u201d image_icon_custom_padding_last_edited=\u201don|phone\u201d text_orientation=\u201dcenter\u201d module_alignment=\u201dcenter\u201d max_height=\u201d961px\u201d custom_padding=\u201d||5px|||\u201d animation_style=\u201dfade\u201d border_width_all_image_tablet=\u201d\u201d border_width_all_image_phone=\u201d\u201d border_width_all_image_last_edited=\u201don|phone\u201d box_shadow_style_image=\u201dpreset1\u2033 image_max_width=\u201d200px\u201d global_colors_info=\u201d{}\u201d][\/et_pb_blurb][\/et_pb_column][et_pb_column type=\u201d1_2\u2033 _builder_version=\u201d4.20.4\u2033 _module_preset=\u201ddefault\u201d global_colors_info=\u201d{}\u201d][et_pb_text content_tablet=\u201d<\/p>\n\n\n\n\n<p>La UNESCO y el BID selecciona el programa \u201cGoles Para Una Vida Mejor\u201d como una de las mejores pr\u00e1cticas para j\u00f3venes en Am\u00e9rica Latina y el Caribe.<\/p>\n<p>\u201d content_phone=\u201d<\/p>\n<p>La UNESCO y el BID selecciona el programa \u201cGoles Para Una Vida Mejor\u201d como una de las mejores pr\u00e1cticas para j\u00f3venes en Am\u00e9rica Latina y el Caribe. <a href=\"\/en\/%22https:\/\/www.iadb.org\/es\/%22\/\">https:\/\/www.iadb.org\/es\/<\/a>  <a href=\"\/en\/%22https:\/\/www.unesco.org\/%22\/\">https:\/\/www.unesco.org\/<\/a> <\/p>\n<p>\u201d content_last_edited=\u201don|desktop\u201d _builder_version=\u201d4.20.4\u2033 _module_preset=\u201ddefault\u201d text_font_size=\u201d16px\u201d text_line_height=\u201d1.6em\u201d animation_style=\u201dfade\u201d global_colors_info=\u201d{}\u201d]<\/p>\n<p>\u00a0<\/p>\n<p>\u00a0<\/p>\n<p>\u00a0<\/p>\n<p>\u00a0<\/p>\n<p>La UNESCO y el BID selecciona el programa \u201cGoles Para Una Vida Mejor\u201d como una de las mejores pr\u00e1cticas para j\u00f3venes en Am\u00e9rica Latina y el Caribe. <a href=\"https:\/\/www.iadb.org\/es\/\">https:\/\/www.iadb.org\/es\/<\/a>\u00a0 <a href=\"https:\/\/www.unesco.org\/\">https:\/\/www.unesco.org\/<\/a><\/p>\n<p>[\/et_pb_text][\/et_pb_column][\/et_pb_row][et_pb_row column_structure=\u201d1_2,1_2\u2033 _builder_version=\u201d4.20.4\u2033 _module_preset=\u201ddefault\u201d global_colors_info=\u201d{}\u201d][et_pb_column type=\u201d1_2\u2033 _builder_version=\u201d4.20.4\u2033 _module_preset=\u201ddefault\u201d global_colors_info=\u201d{}\u201d][et_pb_image src=\u201dhttps:\/\/www.colombianitos.org\/wp-content\/uploads\/2021\/04\/puntos.png\u201d title_text=\u201dpuntos\u201d _builder_version=\u201d4.16\u2033 _module_preset=\u201ddefault\u201d width=\u201d50%\u201d global_colors_info=\u201d{}\u201d][\/et_pb_image][et_pb_text _builder_version=\u201d4.20.4\u2033 _module_preset=\u201ddefault\u201d header_font=\u201d|800|||||||\u201d header_text_color=\u201d#2b77c8\u2033 header_font_size=\u201d50px\u201d text_orientation=\u201dright\u201d global_colors_info=\u201d{}\u201d]<\/p>\n<h1 style=\"text-align: center;\">2006<\/h1>\n<p>[\/et_pb_text][et_pb_blurb title=\u201dPremio %22Incremento del impacto social en Colombia%22\u2033 image_icon_width=\u201d100%\u201d icon_placement_tablet=\u201d\u201d icon_placement_phone=\u201dtop\u201d icon_placement_last_edited=\u201don|phone\u201d _builder_version=\u201d4.20.4\u2033 _module_preset=\u201ddefault\u201d header_level=\u201dh1\u2033 header_font=\u201d|700|||||||\u201d header_text_align=\u201dcenter\u201d header_font_size=\u201d25px\u201d body_font=\u201d||||||||\u201d body_text_align=\u201dleft\u201d body_text_color=\u201d#0C71C3\u2033 body_font_size=\u201d15px\u201d body_line_height=\u201d1.5em\u201d image_icon_custom_padding_tablet=\u201d\u201d image_icon_custom_padding_phone=\u201d\u201d image_icon_custom_padding_last_edited=\u201don|phone\u201d text_orientation=\u201dcenter\u201d module_alignment=\u201dcenter\u201d max_height=\u201d961px\u201d custom_padding=\u201d||5px|||\u201d animation_style=\u201dfade\u201d border_radii_image=\u201don|300px|300px|300px|300px\u201d border_width_all_image_tablet=\u201d\u201d border_width_all_image_phone=\u201d\u201d border_width_all_image_last_edited=\u201don|phone\u201d box_shadow_style_image=\u201dpreset1\u2033 image_max_width=\u201d200px\u201d global_colors_info=\u201d{}\u201d][\/et_pb_blurb][et_pb_blurb image=\u201dhttps:\/\/www.colombianitos.org\/wp-content\/uploads\/2024\/03\/2006-premio-incremento-del-impacto-social-en-colombia.jpg\u201d image_icon_width=\u201d100%\u201d icon_placement_tablet=\u201d\u201d icon_placement_phone=\u201dtop\u201d icon_placement_last_edited=\u201don|phone\u201d _builder_version=\u201d4.20.4\u2033 _module_preset=\u201ddefault\u201d header_level=\u201dh1\u2033 header_font=\u201d|700|||||||\u201d header_text_align=\u201dcenter\u201d header_font_size=\u201d25px\u201d body_font=\u201d||||||||\u201d body_text_align=\u201dleft\u201d body_text_color=\u201d#0C71C3\u2033 body_font_size=\u201d15px\u201d body_line_height=\u201d1.5em\u201d image_icon_custom_padding_tablet=\u201d\u201d image_icon_custom_padding_phone=\u201d\u201d image_icon_custom_padding_last_edited=\u201don|phone\u201d text_orientation=\u201dcenter\u201d module_alignment=\u201dcenter\u201d max_height=\u201d961px\u201d custom_padding=\u201d||5px|||\u201d animation_style=\u201dfade\u201d border_width_all_image_tablet=\u201d\u201d border_width_all_image_phone=\u201d\u201d border_width_all_image_last_edited=\u201don|phone\u201d box_shadow_style_image=\u201dpreset1\u2033 image_max_width=\u201d200px\u201d global_colors_info=\u201d{}\u201d][\/et_pb_blurb][\/et_pb_column][et_pb_column type=\u201d1_2\u2033 _builder_version=\u201d4.20.4\u2033 _module_preset=\u201ddefault\u201d global_colors_info=\u201d{}\u201d][et_pb_text content_tablet=\u201d<\/p>\n\n\n\n\n\n<p>En el quinto Aniversario de %22Compartamos con Colombia%22 la Fundaci\u00f3n Colombianitos recibe el premio a la organizaci\u00f3n con mayor impacto social en Colombia, participando con 65 organizaciones.<\/p>\n<p>\u201d content_phone=\u201d<\/p>\n<p>En el quinto Aniversario de %22Compartamos con Colombia%22 la Fundaci\u00f3n Colombianitos recibe el premio a la organizaci\u00f3n con mayor impacto social en Colombia, participando con 65 organizaciones.<\/p>\n<p>\u201d content_last_edited=\u201don|phone\u201d _builder_version=\u201d4.20.4\u2033 _module_preset=\u201ddefault\u201d text_font_size=\u201d16px\u201d text_line_height=\u201d1.6em\u201d animation_style=\u201dfade\u201d global_colors_info=\u201d{}\u201d]<\/p>\n<p>\u00a0<\/p>\n<p>\u00a0<\/p>\n<p>\u00a0<\/p>\n<p>\u00a0<\/p>\n<p>\u00a0<\/p>\n<p>\u00a0<\/p>\n<p>\u00a0<\/p>\n<p>\u00a0<\/p>\n<p>\u00a0<\/p>\n<p>\u00a0<\/p>\n<p>En el quinto Aniversario de \u201cCompartamos con Colombia\u201d la Fundaci\u00f3n Colombianitos recibe el premio a la organizaci\u00f3n con mayor impacto social en Colombia, participando con 65 organizaciones.<\/p>\n<p>[\/et_pb_text][\/et_pb_column][\/et_pb_row][et_pb_row column_structure=\u201d1_2,1_2\u2033 _builder_version=\u201d4.20.4\u2033 _module_preset=\u201ddefault\u201d global_colors_info=\u201d{}\u201d][et_pb_column type=\u201d1_2\u2033 _builder_version=\u201d4.20.4\u2033 _module_preset=\u201ddefault\u201d global_colors_info=\u201d{}\u201d][et_pb_blurb title=\u201dPremio del IDRD y el ACORD\u201d image_icon_width=\u201d100%\u201d icon_placement_tablet=\u201d\u201d icon_placement_phone=\u201dtop\u201d icon_placement_last_edited=\u201don|phone\u201d _builder_version=\u201d4.20.4\u2033 _module_preset=\u201ddefault\u201d header_level=\u201dh1\u2033 header_font=\u201d|700|||||||\u201d header_text_align=\u201dcenter\u201d header_font_size=\u201d25px\u201d body_font=\u201d||||||||\u201d body_text_align=\u201dleft\u201d body_text_color=\u201d#0C71C3\u2033 body_font_size=\u201d15px\u201d body_line_height=\u201d1.5em\u201d image_icon_custom_padding_tablet=\u201d\u201d image_icon_custom_padding_phone=\u201d\u201d image_icon_custom_padding_last_edited=\u201don|phone\u201d text_orientation=\u201dcenter\u201d module_alignment=\u201dcenter\u201d max_height=\u201d961px\u201d custom_padding=\u201d||5px|||\u201d animation_style=\u201dfade\u201d border_radii_image=\u201don|300px|300px|300px|300px\u201d border_width_all_image_tablet=\u201d\u201d border_width_all_image_phone=\u201d\u201d border_width_all_image_last_edited=\u201don|phone\u201d box_shadow_style_image=\u201dpreset1\u2033 image_max_width=\u201d200px\u201d global_colors_info=\u201d{}\u201d][\/et_pb_blurb][et_pb_blurb image=\u201dhttps:\/\/www.colombianitos.org\/wp-content\/uploads\/2024\/03\/2006-premio-del-idrd-y-el-acord2.jpg\u201d image_icon_width=\u201d100%\u201d icon_placement_tablet=\u201d\u201d icon_placement_phone=\u201dtop\u201d icon_placement_last_edited=\u201don|phone\u201d _builder_version=\u201d4.20.4\u2033 _module_preset=\u201ddefault\u201d header_level=\u201dh1\u2033 header_font=\u201d|700|||||||\u201d header_text_align=\u201dcenter\u201d header_font_size=\u201d25px\u201d body_font=\u201d||||||||\u201d body_text_align=\u201dleft\u201d body_text_color=\u201d#0C71C3\u2033 body_font_size=\u201d15px\u201d body_line_height=\u201d1.5em\u201d image_icon_custom_padding_tablet=\u201d\u201d image_icon_custom_padding_phone=\u201d\u201d image_icon_custom_padding_last_edited=\u201don|phone\u201d text_orientation=\u201dcenter\u201d module_alignment=\u201dcenter\u201d max_height=\u201d961px\u201d custom_padding=\u201d||5px|||\u201d animation_style=\u201dfade\u201d border_width_all_image_tablet=\u201d\u201d border_width_all_image_phone=\u201d\u201d border_width_all_image_last_edited=\u201don|phone\u201d box_shadow_style_image=\u201dpreset1\u2033 image_max_width=\u201d200px\u201d global_colors_info=\u201d{}\u201d][\/et_pb_blurb][\/et_pb_column][et_pb_column type=\u201d1_2\u2033 _builder_version=\u201d4.20.4\u2033 _module_preset=\u201ddefault\u201d global_colors_info=\u201d{}\u201d][et_pb_text content_tablet=\u201d<\/p>\n\n\n\n\n\n<p>La Fundaci\u00f3n Colombianitos es reconocida por el IDRD y el ACORD como la \u201cMejor Escuela Deportiva\u201d en Colombia gracias a la intervenci\u00f3n realizada por medio de nuestro programa \u201cGoles Para Una Vida Mejor%22.<\/p>\n<p>\u201d content_phone=\u201d<\/p>\n<p>La Fundaci\u00f3n Colombianitos es reconocida por el IDRD y el ACORD como la \u201cMejor Escuela Deportiva\u201d en Colombia gracias a la intervenci\u00f3n realizada por medio de nuestro programa \u201cGoles Para Una Vida Mejor%22. <a href=\"\/en\/%22https:\/\/www.idrd.gov.co\/%22\/\">https:\/\/www.idrd.gov.co\/<\/a><\/p>\n<p>\u201d content_last_edited=\u201don|desktop\u201d _builder_version=\u201d4.20.4\u2033 _module_preset=\u201ddefault\u201d text_font_size=\u201d16px\u201d text_line_height=\u201d1.6em\u201d animation_style=\u201dfade\u201d global_colors_info=\u201d{}\u201d]<\/p>\n<p>\u00a0<\/p>\n<p>\u00a0<\/p>\n<p>\u00a0<\/p>\n<p>\u00a0<\/p>\n<p>La Fundaci\u00f3n Colombianitos es reconocida por el IDRD y el ACORD como la \u201cMejor Escuela Deportiva\u201d en Colombia gracias a la intervenci\u00f3n realizada por medio de nuestro programa \u201cGoles Para Una Vida Mejor\u201d. <a href=\"https:\/\/www.idrd.gov.co\/\">https:\/\/www.idrd.gov.co\/<\/a><\/p>\n<p>[\/et_pb_text][\/et_pb_column][\/et_pb_row][et_pb_row column_structure=\u201d1_2,1_2\u2033 _builder_version=\u201d4.20.4\u2033 _module_preset=\u201ddefault\u201d global_colors_info=\u201d{}\u201d][et_pb_column type=\u201d1_2\u2033 _builder_version=\u201d4.20.4\u2033 _module_preset=\u201ddefault\u201d global_colors_info=\u201d{}\u201d][et_pb_image src=\u201dhttps:\/\/www.colombianitos.org\/wp-content\/uploads\/2021\/04\/puntos.png\u201d title_text=\u201dpuntos\u201d _builder_version=\u201d4.16\u2033 _module_preset=\u201ddefault\u201d width=\u201d50%\u201d global_colors_info=\u201d{}\u201d][\/et_pb_image][et_pb_text _builder_version=\u201d4.20.4\u2033 _module_preset=\u201ddefault\u201d header_font=\u201d|800|||||||\u201d header_text_color=\u201d#2b77c8\u2033 header_font_size=\u201d50px\u201d text_orientation=\u201dright\u201d global_colors_info=\u201d{}\u201d]<\/p>\n<h1 style=\"text-align: center;\">2003<\/h1>\n<p>[\/et_pb_text][et_pb_blurb title=\u201dPremio MENTOR  INNOVATION AWARD\u201d image_icon_width=\u201d100%\u201d icon_placement_tablet=\u201d\u201d icon_placement_phone=\u201dtop\u201d icon_placement_last_edited=\u201don|phone\u201d _builder_version=\u201d4.20.4\u2033 _module_preset=\u201ddefault\u201d header_level=\u201dh1\u2033 header_font=\u201d|700|||||||\u201d header_text_align=\u201dcenter\u201d header_font_size=\u201d25px\u201d body_font=\u201d||||||||\u201d body_text_align=\u201dleft\u201d body_text_color=\u201d#0C71C3\u2033 body_font_size=\u201d15px\u201d body_line_height=\u201d1.5em\u201d image_icon_custom_padding_tablet=\u201d\u201d image_icon_custom_padding_phone=\u201d\u201d image_icon_custom_padding_last_edited=\u201don|phone\u201d text_orientation=\u201dcenter\u201d module_alignment=\u201dcenter\u201d max_height=\u201d961px\u201d custom_padding=\u201d||5px|||\u201d animation_style=\u201dfade\u201d border_radii_image=\u201don|300px|300px|300px|300px\u201d border_width_all_image_tablet=\u201d\u201d border_width_all_image_phone=\u201d\u201d border_width_all_image_last_edited=\u201don|phone\u201d box_shadow_style_image=\u201dpreset1\u2033 image_max_width=\u201d200px\u201d global_colors_info=\u201d{}\u201d][\/et_pb_blurb][et_pb_blurb image=\u201dhttps:\/\/www.colombianitos.org\/wp-content\/uploads\/2024\/03\/2003-premio-metor-innovation-award-1.jpg\u201d image_icon_width=\u201d100%\u201d icon_placement_tablet=\u201d\u201d icon_placement_phone=\u201dtop\u201d icon_placement_last_edited=\u201don|phone\u201d _builder_version=\u201d4.20.4\u2033 _module_preset=\u201ddefault\u201d header_level=\u201dh1\u2033 header_font=\u201d|700|||||||\u201d header_text_align=\u201dcenter\u201d header_font_size=\u201d25px\u201d body_font=\u201d||||||||\u201d body_text_align=\u201dleft\u201d body_text_color=\u201d#0C71C3\u2033 body_font_size=\u201d15px\u201d body_line_height=\u201d1.5em\u201d image_icon_custom_padding_tablet=\u201d\u201d image_icon_custom_padding_phone=\u201d\u201d image_icon_custom_padding_last_edited=\u201don|phone\u201d text_orientation=\u201dcenter\u201d module_alignment=\u201dcenter\u201d max_height=\u201d961px\u201d custom_padding=\u201d||5px|||\u201d animation_style=\u201dfade\u201d border_width_all_image_tablet=\u201d\u201d border_width_all_image_phone=\u201d\u201d border_width_all_image_last_edited=\u201don|phone\u201d box_shadow_style_image=\u201dpreset1\u2033 image_max_width=\u201d200px\u201d global_colors_info=\u201d{}\u201d][\/et_pb_blurb][\/et_pb_column][et_pb_column type=\u201d1_2\u2033 _builder_version=\u201d4.20.4\u2033 _module_preset=\u201ddefault\u201d global_colors_info=\u201d{}\u201d][et_pb_text content_tablet=\u201d<\/p>\n\n\n\n\n\n<p style=\"%22text-align:\" left;%22>La reina Silvia de Suecia entreg\u00f3 el premio Metor Innovation Award a la fundaci\u00f3n por su compromiso con la prevenci\u00f3n de la drogadicci\u00f3n en la ni\u00f1ez de Colombia. El proyecto se baso en la experiencia de la fundaci\u00f3n Colombianitos en escuelas de f\u00fatbol y fue complementado por el componente de desarrollo humano del programa Experiencias para Vivir y Convivir de la Fundaci\u00f3n Mentor.<\/p>\n<p>\u201d content_phone=\u201d<\/p>\n<p style=\"%22text-align:\" left;%22>La reina Silvia de Suecia entreg\u00f3 el premio Mentor Innovation Award a la Fundaci\u00f3n Colombianitos por su compromiso con la prevenci\u00f3n de la drogadicci\u00f3n en la ni\u00f1ez de Colombia. El proyecto se bas\u00f3 en la experiencia de la Fundaci\u00f3n Colombianitos en escuelas de f\u00fatbol y fue complementado por el componente de desarrollo humano del programa Experiencias para Vivir y Convivir de la Fundaci\u00f3n Mentor.<\/p>\n<p>\u201d content_last_edited=\u201don|phone\u201d _builder_version=\u201d4.20.4\u2033 _module_preset=\u201ddefault\u201d text_font_size=\u201d16px\u201d text_line_height=\u201d1.6em\u201d animation_style=\u201dfade\u201d global_colors_info=\u201d{}\u201d]<\/p>\n<p>\u00a0<\/p>\n<p>\u00a0<\/p>\n<p>\u00a0<\/p>\n<p>\u00a0<\/p>\n<p>\u00a0<\/p>\n<p>\u00a0<\/p>\n<p>\u00a0<\/p>\n<p>\u00a0<\/p>\n<p>\u00a0<\/p>\n<p style=\"text-align: left;\">La reina Silvia de Suecia entreg\u00f3 el premio Mentor Innovation Award a la Fundaci\u00f3n Colombianitos por su compromiso con la prevenci\u00f3n de la drogadicci\u00f3n en la ni\u00f1ez de Colombia. El proyecto se bas\u00f3 en la experiencia de la Fundaci\u00f3n Colombianitos en escuelas de f\u00fatbol y fue complementado por el componente de desarrollo humano del programa Experiencias para Vivir y Convivir de la Fundaci\u00f3n Mentor.<\/p>\n<p>[\/et_pb_text][\/et_pb_column][\/et_pb_row][\/et_pb_section]<\/p>\n<\/body>","protected":false},"excerpt":{"rendered":"<p>RECONOCIMIENTOSDiferentes entidades p\u00fablicas y privadas nacionales e internacionales reconocen nuestra labor y vocaci\u00f3n por generar estrategias que promueven la educaci\u00f3n y el cuidado de la ni\u00f1ez de Colombia. &nbsp;2023 &nbsp; &nbsp; &nbsp; &nbsp; &nbsp; &nbsp; &nbsp; &nbsp; &nbsp; &nbsp; El Concejo de Bogot\u00e1 otorga a la Fundaci\u00f3n Colombianitos la orden al m\u00e9rito Jos\u00e9 Acevedo y [&hellip;]<\/p>","protected":false},"author":4,"featured_media":0,"parent":0,"menu_order":0,"comment_status":"closed","ping_status":"closed","template":"","meta":{"nf_dc_page":"","_et_pb_use_builder":"on","_et_pb_old_content":"","_et_gb_content_width":"","om_disable_all_campaigns":false,"_monsterinsights_skip_tracking":false,"_monsterinsights_sitenote_active":false,"_monsterinsights_sitenote_note":"","_monsterinsights_sitenote_category":0,"footnotes":""},"class_list":["post-12565","page","type-page","status-publish","hentry"],"aioseo_notices":[],"jetpack_sharing_enabled":true,"_links":{"self":[{"href":"https:\/\/www.colombianitos.org\/en\/wp-json\/wp\/v2\/pages\/12565","targetHints":{"allow":["GET"]}}],"collection":[{"href":"https:\/\/www.colombianitos.org\/en\/wp-json\/wp\/v2\/pages"}],"about":[{"href":"https:\/\/www.colombianitos.org\/en\/wp-json\/wp\/v2\/types\/page"}],"author":[{"embeddable":true,"href":"https:\/\/www.colombianitos.org\/en\/wp-json\/wp\/v2\/users\/4"}],"replies":[{"embeddable":true,"href":"https:\/\/www.colombianitos.org\/en\/wp-json\/wp\/v2\/comments?post=12565"}],"version-history":[{"count":5,"href":"https:\/\/www.colombianitos.org\/en\/wp-json\/wp\/v2\/pages\/12565\/revisions"}],"predecessor-version":[{"id":13955,"href":"https:\/\/www.colombianitos.org\/en\/wp-json\/wp\/v2\/pages\/12565\/revisions\/13955"}],"wp:attachment":[{"href":"https:\/\/www.colombianitos.org\/en\/wp-json\/wp\/v2\/media?parent=12565"}],"curies":[{"name":"wp","href":"https:\/\/api.w.org\/{rel}","templated":true}]}}